{"id":4630,"date":"2025-12-15T16:17:57","date_gmt":"2025-12-15T16:17:57","guid":{"rendered":"https:\/\/ervadaninha.pt\/wp1\/?page_id=4630"},"modified":"2026-04-06T16:31:29","modified_gmt":"2026-04-06T16:31:29","slug":"carnet-de-elsa-caillat","status":"publish","type":"page","link":"https:\/\/ervadaninha.pt\/wp1\/index.php\/carnet-de-elsa-caillat\/","title":{"rendered":"Carn\u00e9(t)\u00a0de Elsa Caillat"},"content":{"rendered":"\n<p><strong>ensaio de circo | 13 Dezembro 25 | Resid\u00eancia Art\u00edstica 4 a 13 Dezembro 26<\/strong><\/p>\n\n\n\n<p>O avesso do corpo ou a busca de uma artista de circo a caminho<\/p>\n\n\n\n<p>CARN\u00c9(T) \u00e9 uma performance circense nascida ap\u00f3s uma resid\u00eancia de escrita no Tracteur (espa\u00e7o cultural em Cintegabelle 31) em fevereiro de 2022 e de um encontro art\u00edstico com o coletivo feminista \u00abPFFF !\u00bb durante um laborat\u00f3rio de experimenta\u00e7\u00e3o em setembro de 2022 na Grainerie (Balma 31).<\/p>\n\n\n\n<figure class=\"wp-block-embed is-type-video is-provider-vimeo wp-block-embed-vimeo wp-embed-aspect-16-9 wp-has-aspect-ratio\"><div class=\"wp-block-embed__wrapper\">\n<div class=\"jetpack-video-wrapper\"><iframe loading=\"lazy\" title=\"Carn\u00e9(t) de Elsa Caillat\" src=\"https:\/\/player.vimeo.com\/video\/1146623222?dnt=1&amp;app_id=122963\" width=\"764\" height=\"430\" frameborder=\"0\" allow=\"autoplay; fullscreen; picture-in-picture; clipboard-write; encrypted-media; web-share\" referrerpolicy=\"strict-origin-when-cross-origin\"><\/iframe><\/div>\n<\/div><\/figure>\n\n\n\n<p><br>CARN\u00c9(T) \u00e9 um mergulho \u00edntimo no universo de uma mulher artista de circo de 40 anos, numa encruzilhada. Um estado de situa\u00e7\u00e3o.<br>CARN\u00c9(T) \u00e9 um relato.<br>CARN\u00c9(T) \u00e9 a partilha de d\u00favidas, questionamentos, medos.<br>CARN\u00c9(T) \u00e9 o que resta do circo quando o corpo se recusa a continuar.<br>CARN\u00c9(T), est\u00e1tua circense, pensamentos agitados.<br>CARN\u00c9(T) \u00e9 a urg\u00eancia de questionar a nossa rela\u00e7\u00e3o com o corpo. Quando \u00e9 aliado? E como agir quando ele protesta?<br>CARN\u00c9(T), por fim, \u00e9 um desejo premente de continuar a pertencer ao mundo do circo, agitanto os c\u00f3digos e imaginando que outro modo de representa\u00e7\u00e3o \u00e9 poss\u00edvel. Mudar de perspetiva. Imaginar possibilidades. Partilhar consigo uma esperan\u00e7a de eternidade.<\/p>\n\n\n\n<p>escrita e encena\u00e7\u00e3o ELSA CAILLAT | conce\u00e7\u00e3o e montagem sonora ELSA CAILLAT e JO\u00c3O PEREIRA DOS SANTOS | cria\u00e7\u00e3o de luz JO\u00c3O PEREIRA DOS SANTOS ou CHLO\u00c9 AVOIRON | Administra\u00e7\u00e3o PEPSpectacle | Produ\u00e7\u00e3o\/Difus\u00e3o EMILIE TOURON<\/p>\n\n\n\n<p><a href=\"https:\/\/cietoronblues.wordpress.com\" target=\"_blank\" rel=\"noreferrer noopener\">LINK + Info<\/a><\/p>\n","protected":false},"excerpt":{"rendered":"<p>ensaio de circo | 13 Dezembro 25 | Resid\u00eancia Art\u00edstica 4 a 13 Dezembro 26 O avesso do corpo ou a busca de uma artista de circo a caminho CARN\u00c9(T) [&hellip;]<\/p>\n","protected":false},"author":1,"featured_media":0,"parent":0,"menu_order":0,"comment_status":"closed","ping_status":"closed","template":"","meta":{"_themeisle_gutenberg_block_has_review":false,"jetpack_post_was_ever_published":false,"footnotes":""},"tags":[],"yoast_head":"<!-- This site is optimized with the Yoast SEO plugin v21.0 - https:\/\/yoast.com\/wordpress\/plugins\/seo\/ -->\n<title>Carn\u00e9(t)\u00a0de Elsa Caillat - Erva Daninha<\/title>\n<meta name=\"robots\" content=\"index, follow, max-snippet:-1, max-image-preview:large, max-video-preview:-1\" \/>\n<link rel=\"canonical\" href=\"https:\/\/ervadaninha.pt\/wp1\/index.php\/carnet-de-elsa-caillat\/\" \/>\n<meta property=\"og:locale\" content=\"pt_PT\" \/>\n<meta property=\"og:type\" content=\"article\" \/>\n<meta property=\"og:title\" content=\"Carn\u00e9(t)\u00a0de Elsa Caillat - Erva Daninha\" \/>\n<meta property=\"og:description\" content=\"ensaio de circo | 13 Dezembro 25 | Resid\u00eancia Art\u00edstica 4 a 13 Dezembro 26 O avesso do corpo ou a busca de uma artista de circo a caminho CARN\u00c9(T) [&hellip;]\" \/>\n<meta property=\"og:url\" content=\"https:\/\/ervadaninha.pt\/wp1\/index.php\/carnet-de-elsa-caillat\/\" \/>\n<meta property=\"og:site_name\" content=\"Erva Daninha\" \/>\n<meta property=\"article:modified_time\" content=\"2026-04-06T16:31:29+00:00\" \/>\n<meta name=\"twitter:card\" content=\"summary_large_image\" \/>\n<meta name=\"twitter:label1\" content=\"Tempo estimado de leitura\" \/>\n\t<meta name=\"twitter:data1\" content=\"2 minutos\" \/>\n<script type=\"application\/ld+json\" class=\"yoast-schema-graph\">{\"@context\":\"https:\/\/schema.org\",\"@graph\":[{\"@type\":\"WebPage\",\"@id\":\"https:\/\/ervadaninha.pt\/wp1\/index.php\/carnet-de-elsa-caillat\/\",\"url\":\"https:\/\/ervadaninha.pt\/wp1\/index.php\/carnet-de-elsa-caillat\/\",\"name\":\"Carn\u00e9(t)\u00a0de Elsa Caillat - Erva Daninha\",\"isPartOf\":{\"@id\":\"https:\/\/ervadaninha.pt\/wp1\/#website\"},\"datePublished\":\"2025-12-15T16:17:57+00:00\",\"dateModified\":\"2026-04-06T16:31:29+00:00\",\"breadcrumb\":{\"@id\":\"https:\/\/ervadaninha.pt\/wp1\/index.php\/carnet-de-elsa-caillat\/#breadcrumb\"},\"inLanguage\":\"pt-PT\",\"potentialAction\":[{\"@type\":\"ReadAction\",\"target\":[\"https:\/\/ervadaninha.pt\/wp1\/index.php\/carnet-de-elsa-caillat\/\"]}]},{\"@type\":\"BreadcrumbList\",\"@id\":\"https:\/\/ervadaninha.pt\/wp1\/index.php\/carnet-de-elsa-caillat\/#breadcrumb\",\"itemListElement\":[{\"@type\":\"ListItem\",\"position\":1,\"name\":\"Home\",\"item\":\"https:\/\/ervadaninha.pt\/wp1\/\"},{\"@type\":\"ListItem\",\"position\":2,\"name\":\"Carn\u00e9(t)\u00a0de Elsa Caillat\"}]},{\"@type\":\"WebSite\",\"@id\":\"https:\/\/ervadaninha.pt\/wp1\/#website\",\"url\":\"https:\/\/ervadaninha.pt\/wp1\/\",\"name\":\"Erva Daninha\",\"description\":\"Erva Daninha\",\"publisher\":{\"@id\":\"https:\/\/ervadaninha.pt\/wp1\/#organization\"},\"potentialAction\":[{\"@type\":\"SearchAction\",\"target\":{\"@type\":\"EntryPoint\",\"urlTemplate\":\"https:\/\/ervadaninha.pt\/wp1\/?s={search_term_string}\"},\"query-input\":\"required name=search_term_string\"}],\"inLanguage\":\"pt-PT\"},{\"@type\":\"Organization\",\"@id\":\"https:\/\/ervadaninha.pt\/wp1\/#organization\",\"name\":\"Erva Daninha\",\"url\":\"https:\/\/ervadaninha.pt\/wp1\/\",\"logo\":{\"@type\":\"ImageObject\",\"inLanguage\":\"pt-PT\",\"@id\":\"https:\/\/ervadaninha.pt\/wp1\/#\/schema\/logo\/image\/\",\"url\":\"https:\/\/ervadaninha.pt\/wp1\/wp-content\/uploads\/2023\/09\/cropped-ervadaninha_preto_s.png\",\"contentUrl\":\"https:\/\/ervadaninha.pt\/wp1\/wp-content\/uploads\/2023\/09\/cropped-ervadaninha_preto_s.png\",\"width\":100,\"height\":49,\"caption\":\"Erva Daninha\"},\"image\":{\"@id\":\"https:\/\/ervadaninha.pt\/wp1\/#\/schema\/logo\/image\/\"}}]}<\/script>\n<!-- \/ Yoast SEO plugin. -->","yoast_head_json":{"title":"Carn\u00e9(t)\u00a0de Elsa Caillat - Erva Daninha","robots":{"index":"index","follow":"follow","max-snippet":"max-snippet:-1","max-image-preview":"max-image-preview:large","max-video-preview":"max-video-preview:-1"},"canonical":"https:\/\/ervadaninha.pt\/wp1\/index.php\/carnet-de-elsa-caillat\/","og_locale":"pt_PT","og_type":"article","og_title":"Carn\u00e9(t)\u00a0de Elsa Caillat - Erva Daninha","og_description":"ensaio de circo | 13 Dezembro 25 | Resid\u00eancia Art\u00edstica 4 a 13 Dezembro 26 O avesso do corpo ou a busca de uma artista de circo a caminho CARN\u00c9(T) [&hellip;]","og_url":"https:\/\/ervadaninha.pt\/wp1\/index.php\/carnet-de-elsa-caillat\/","og_site_name":"Erva Daninha","article_modified_time":"2026-04-06T16:31:29+00:00","twitter_card":"summary_large_image","twitter_misc":{"Tempo estimado de leitura":"2 minutos"},"schema":{"@context":"https:\/\/schema.org","@graph":[{"@type":"WebPage","@id":"https:\/\/ervadaninha.pt\/wp1\/index.php\/carnet-de-elsa-caillat\/","url":"https:\/\/ervadaninha.pt\/wp1\/index.php\/carnet-de-elsa-caillat\/","name":"Carn\u00e9(t)\u00a0de Elsa Caillat - Erva Daninha","isPartOf":{"@id":"https:\/\/ervadaninha.pt\/wp1\/#website"},"datePublished":"2025-12-15T16:17:57+00:00","dateModified":"2026-04-06T16:31:29+00:00","breadcrumb":{"@id":"https:\/\/ervadaninha.pt\/wp1\/index.php\/carnet-de-elsa-caillat\/#breadcrumb"},"inLanguage":"pt-PT","potentialAction":[{"@type":"ReadAction","target":["https:\/\/ervadaninha.pt\/wp1\/index.php\/carnet-de-elsa-caillat\/"]}]},{"@type":"BreadcrumbList","@id":"https:\/\/ervadaninha.pt\/wp1\/index.php\/carnet-de-elsa-caillat\/#breadcrumb","itemListElement":[{"@type":"ListItem","position":1,"name":"Home","item":"https:\/\/ervadaninha.pt\/wp1\/"},{"@type":"ListItem","position":2,"name":"Carn\u00e9(t)\u00a0de Elsa Caillat"}]},{"@type":"WebSite","@id":"https:\/\/ervadaninha.pt\/wp1\/#website","url":"https:\/\/ervadaninha.pt\/wp1\/","name":"Erva Daninha","description":"Erva Daninha","publisher":{"@id":"https:\/\/ervadaninha.pt\/wp1\/#organization"},"potentialAction":[{"@type":"SearchAction","target":{"@type":"EntryPoint","urlTemplate":"https:\/\/ervadaninha.pt\/wp1\/?s={search_term_string}"},"query-input":"required name=search_term_string"}],"inLanguage":"pt-PT"},{"@type":"Organization","@id":"https:\/\/ervadaninha.pt\/wp1\/#organization","name":"Erva Daninha","url":"https:\/\/ervadaninha.pt\/wp1\/","logo":{"@type":"ImageObject","inLanguage":"pt-PT","@id":"https:\/\/ervadaninha.pt\/wp1\/#\/schema\/logo\/image\/","url":"https:\/\/ervadaninha.pt\/wp1\/wp-content\/uploads\/2023\/09\/cropped-ervadaninha_preto_s.png","contentUrl":"https:\/\/ervadaninha.pt\/wp1\/wp-content\/uploads\/2023\/09\/cropped-ervadaninha_preto_s.png","width":100,"height":49,"caption":"Erva Daninha"},"image":{"@id":"https:\/\/ervadaninha.pt\/wp1\/#\/schema\/logo\/image\/"}}]}},"jetpack_sharing_enabled":true,"jetpack_shortlink":"https:\/\/wp.me\/P6f9xd-1cG","_links":{"self":[{"href":"https:\/\/ervadaninha.pt\/wp1\/index.php\/wp-json\/wp\/v2\/pages\/4630"}],"collection":[{"href":"https:\/\/ervadaninha.pt\/wp1\/index.php\/wp-json\/wp\/v2\/pages"}],"about":[{"href":"https:\/\/ervadaninha.pt\/wp1\/index.php\/wp-json\/wp\/v2\/types\/page"}],"author":[{"embeddable":true,"href":"https:\/\/ervadaninha.pt\/wp1\/index.php\/wp-json\/wp\/v2\/users\/1"}],"replies":[{"embeddable":true,"href":"https:\/\/ervadaninha.pt\/wp1\/index.php\/wp-json\/wp\/v2\/comments?post=4630"}],"version-history":[{"count":7,"href":"https:\/\/ervadaninha.pt\/wp1\/index.php\/wp-json\/wp\/v2\/pages\/4630\/revisions"}],"predecessor-version":[{"id":4851,"href":"https:\/\/ervadaninha.pt\/wp1\/index.php\/wp-json\/wp\/v2\/pages\/4630\/revisions\/4851"}],"wp:attachment":[{"href":"https:\/\/ervadaninha.pt\/wp1\/index.php\/wp-json\/wp\/v2\/media?parent=4630"}],"wp:term":[{"taxonomy":"post_tag","embeddable":true,"href":"https:\/\/ervadaninha.pt\/wp1\/index.php\/wp-json\/wp\/v2\/tags?post=4630"}],"curies":[{"name":"wp","href":"https:\/\/api.w.org\/{rel}","templated":true}]}}