{"id":3189,"date":"2024-07-25T14:01:34","date_gmt":"2024-07-25T14:01:34","guid":{"rendered":"https:\/\/ervadaninha.pt\/wp1\/?page_id=3189"},"modified":"2025-02-24T17:11:00","modified_gmt":"2025-02-24T17:11:00","slug":"rima-ensaio-de-circo","status":"publish","type":"page","link":"https:\/\/ervadaninha.pt\/wp1\/index.php\/rima-ensaio-de-circo\/","title":{"rendered":"RIMA &#8211; Ensaio de Circo"},"content":{"rendered":"\n<p>21 jul 17h | 40\u2019 | M3 | Clube Circo Contempor\u00e2neo <\/p>\n\n\n\n<p>Espet\u00e1culo multidisciplinar em que as t\u00e9cnicas de circo e o movimento se cruzam, tendo como linguagem central a roda Cyr, como um s\u00edmbolo de conex\u00e3o entre duas pe\u00e7as consonantes dentro do mesmo (uni)verso. O p\u00fablico \u00e9 convidado a identificar-se com essa experi\u00eancia de procura de uma casa, um lar, um abrigo construindo conex\u00f5es significativas, independentemente das origens geogr\u00e1ficas.<\/p>\n\n\n\n<p><a href=\"https:\/\/ervadaninha.pt\/wp1\/index.php\/rima\/\">LINK para + info do RIMA<\/a><\/p>\n\n\n\n<figure class=\"wp-block-embed is-type-video is-provider-vimeo wp-block-embed-vimeo wp-embed-aspect-16-9 wp-has-aspect-ratio\"><div class=\"wp-block-embed__wrapper\">\n<div class=\"jetpack-video-wrapper\"><iframe loading=\"lazy\" title=\"RIMA de Alan Sencades &amp; Alvin Yong\" src=\"https:\/\/player.vimeo.com\/video\/990019896?dnt=1&amp;app_id=122963\" width=\"764\" height=\"430\" frameborder=\"0\" allow=\"autoplay; fullscreen; picture-in-picture; clipboard-write\"><\/iframe><\/div>\n<\/div><\/figure>\n\n\n\n<h2 class=\"wp-block-heading\">FICHA ART\u00cdSTICA&nbsp;<\/h2>\n\n\n\n<p>Cria\u00e7\u00e3o e Interpreta\u00e7\u00e3o<strong>: Alan Sencades e Alvin Yong<\/strong><\/p>\n\n\n\n<p>Dire\u00e7\u00e3o t\u00e9cnica:&nbsp;<strong>Vasco Gomes<\/strong><\/p>\n\n\n\n<p>Fotografias e v\u00eddeos:&nbsp;<strong>Ashleigh Georgiou<\/strong><\/p>\n\n\n\n<p>Produ\u00e7\u00e3o executiva:&nbsp;<strong>Andrew Ossada<\/strong><\/p>\n\n\n\n<p>Comunica\u00e7\u00e3o e log\u00edstica<strong>: El\u00edsio Mota<\/strong><\/p>\n\n\n\n<p>Produ\u00e7\u00e3o:&nbsp;<strong>Erva Daninha<\/strong><\/p>\n\n\n\n<p>Coprodu\u00e7\u00e3o:&nbsp;<strong>Trengo<\/strong>&nbsp;<strong>Festival de Circo, Festival Vaudeville Rendez-Vous<\/strong><\/p>\n\n\n\n<p>Apoio \u00e0 Cria\u00e7\u00e3o:&nbsp;<strong>Teatro do Mar, Ensaios de Circo<\/strong><\/p>\n\n\n\n<p>Apoio \u00e0 Resid\u00eancia:\u00a0<strong>fAUNA | habitat de cria\u00e7\u00e3o \u2013 Teatro da Didasc\u00e1lia, GrETUA e Ganso Manso<\/strong><\/p>\n\n\n\n<p>Apoio:&nbsp;<strong>Rep\u00fablica Portuguesa \u2013 Cultura \/ Dire\u00e7\u00e3o Geral das Artes<\/strong><\/p>\n","protected":false},"excerpt":{"rendered":"<p>21 jul 17h | 40\u2019 | M3 | Clube Circo Contempor\u00e2neo Espet\u00e1culo multidisciplinar em que as t\u00e9cnicas de circo e o movimento se cruzam, tendo como linguagem central a roda [&hellip;]<\/p>\n","protected":false},"author":1,"featured_media":0,"parent":0,"menu_order":0,"comment_status":"closed","ping_status":"closed","template":"","meta":{"_themeisle_gutenberg_block_has_review":false,"jetpack_post_was_ever_published":false,"footnotes":""},"tags":[],"yoast_head":"<!-- This site is optimized with the Yoast SEO plugin v21.0 - https:\/\/yoast.com\/wordpress\/plugins\/seo\/ -->\n<title>RIMA - Ensaio de Circo - Erva Daninha<\/title>\n<meta name=\"robots\" content=\"index, follow, max-snippet:-1, max-image-preview:large, max-video-preview:-1\" \/>\n<link rel=\"canonical\" href=\"https:\/\/ervadaninha.pt\/wp1\/index.php\/rima-ensaio-de-circo\/\" \/>\n<meta property=\"og:locale\" content=\"pt_PT\" \/>\n<meta property=\"og:type\" content=\"article\" \/>\n<meta property=\"og:title\" content=\"RIMA - Ensaio de Circo - Erva Daninha\" \/>\n<meta property=\"og:description\" content=\"21 jul 17h | 40\u2019 | M3 | Clube Circo Contempor\u00e2neo Espet\u00e1culo multidisciplinar em que as t\u00e9cnicas de circo e o movimento se cruzam, tendo como linguagem central a roda [&hellip;]\" \/>\n<meta property=\"og:url\" content=\"https:\/\/ervadaninha.pt\/wp1\/index.php\/rima-ensaio-de-circo\/\" \/>\n<meta property=\"og:site_name\" content=\"Erva Daninha\" \/>\n<meta property=\"article:modified_time\" content=\"2025-02-24T17:11:00+00:00\" \/>\n<meta name=\"twitter:card\" content=\"summary_large_image\" \/>\n<meta name=\"twitter:label1\" content=\"Tempo estimado de leitura\" \/>\n\t<meta name=\"twitter:data1\" content=\"1 minuto\" \/>\n<script type=\"application\/ld+json\" class=\"yoast-schema-graph\">{\"@context\":\"https:\/\/schema.org\",\"@graph\":[{\"@type\":\"WebPage\",\"@id\":\"https:\/\/ervadaninha.pt\/wp1\/index.php\/rima-ensaio-de-circo\/\",\"url\":\"https:\/\/ervadaninha.pt\/wp1\/index.php\/rima-ensaio-de-circo\/\",\"name\":\"RIMA - Ensaio de Circo - Erva Daninha\",\"isPartOf\":{\"@id\":\"https:\/\/ervadaninha.pt\/wp1\/#website\"},\"datePublished\":\"2024-07-25T14:01:34+00:00\",\"dateModified\":\"2025-02-24T17:11:00+00:00\",\"breadcrumb\":{\"@id\":\"https:\/\/ervadaninha.pt\/wp1\/index.php\/rima-ensaio-de-circo\/#breadcrumb\"},\"inLanguage\":\"pt-PT\",\"potentialAction\":[{\"@type\":\"ReadAction\",\"target\":[\"https:\/\/ervadaninha.pt\/wp1\/index.php\/rima-ensaio-de-circo\/\"]}]},{\"@type\":\"BreadcrumbList\",\"@id\":\"https:\/\/ervadaninha.pt\/wp1\/index.php\/rima-ensaio-de-circo\/#breadcrumb\",\"itemListElement\":[{\"@type\":\"ListItem\",\"position\":1,\"name\":\"Home\",\"item\":\"https:\/\/ervadaninha.pt\/wp1\/\"},{\"@type\":\"ListItem\",\"position\":2,\"name\":\"RIMA &#8211; Ensaio de Circo\"}]},{\"@type\":\"WebSite\",\"@id\":\"https:\/\/ervadaninha.pt\/wp1\/#website\",\"url\":\"https:\/\/ervadaninha.pt\/wp1\/\",\"name\":\"Erva Daninha\",\"description\":\"Erva Daninha\",\"publisher\":{\"@id\":\"https:\/\/ervadaninha.pt\/wp1\/#organization\"},\"potentialAction\":[{\"@type\":\"SearchAction\",\"target\":{\"@type\":\"EntryPoint\",\"urlTemplate\":\"https:\/\/ervadaninha.pt\/wp1\/?s={search_term_string}\"},\"query-input\":\"required name=search_term_string\"}],\"inLanguage\":\"pt-PT\"},{\"@type\":\"Organization\",\"@id\":\"https:\/\/ervadaninha.pt\/wp1\/#organization\",\"name\":\"Erva Daninha\",\"url\":\"https:\/\/ervadaninha.pt\/wp1\/\",\"logo\":{\"@type\":\"ImageObject\",\"inLanguage\":\"pt-PT\",\"@id\":\"https:\/\/ervadaninha.pt\/wp1\/#\/schema\/logo\/image\/\",\"url\":\"https:\/\/ervadaninha.pt\/wp1\/wp-content\/uploads\/2023\/09\/cropped-ervadaninha_preto_s.png\",\"contentUrl\":\"https:\/\/ervadaninha.pt\/wp1\/wp-content\/uploads\/2023\/09\/cropped-ervadaninha_preto_s.png\",\"width\":100,\"height\":49,\"caption\":\"Erva Daninha\"},\"image\":{\"@id\":\"https:\/\/ervadaninha.pt\/wp1\/#\/schema\/logo\/image\/\"}}]}<\/script>\n<!-- \/ Yoast SEO plugin. -->","yoast_head_json":{"title":"RIMA - Ensaio de Circo - Erva Daninha","robots":{"index":"index","follow":"follow","max-snippet":"max-snippet:-1","max-image-preview":"max-image-preview:large","max-video-preview":"max-video-preview:-1"},"canonical":"https:\/\/ervadaninha.pt\/wp1\/index.php\/rima-ensaio-de-circo\/","og_locale":"pt_PT","og_type":"article","og_title":"RIMA - Ensaio de Circo - Erva Daninha","og_description":"21 jul 17h | 40\u2019 | M3 | Clube Circo Contempor\u00e2neo Espet\u00e1culo multidisciplinar em que as t\u00e9cnicas de circo e o movimento se cruzam, tendo como linguagem central a roda [&hellip;]","og_url":"https:\/\/ervadaninha.pt\/wp1\/index.php\/rima-ensaio-de-circo\/","og_site_name":"Erva Daninha","article_modified_time":"2025-02-24T17:11:00+00:00","twitter_card":"summary_large_image","twitter_misc":{"Tempo estimado de leitura":"1 minuto"},"schema":{"@context":"https:\/\/schema.org","@graph":[{"@type":"WebPage","@id":"https:\/\/ervadaninha.pt\/wp1\/index.php\/rima-ensaio-de-circo\/","url":"https:\/\/ervadaninha.pt\/wp1\/index.php\/rima-ensaio-de-circo\/","name":"RIMA - Ensaio de Circo - Erva Daninha","isPartOf":{"@id":"https:\/\/ervadaninha.pt\/wp1\/#website"},"datePublished":"2024-07-25T14:01:34+00:00","dateModified":"2025-02-24T17:11:00+00:00","breadcrumb":{"@id":"https:\/\/ervadaninha.pt\/wp1\/index.php\/rima-ensaio-de-circo\/#breadcrumb"},"inLanguage":"pt-PT","potentialAction":[{"@type":"ReadAction","target":["https:\/\/ervadaninha.pt\/wp1\/index.php\/rima-ensaio-de-circo\/"]}]},{"@type":"BreadcrumbList","@id":"https:\/\/ervadaninha.pt\/wp1\/index.php\/rima-ensaio-de-circo\/#breadcrumb","itemListElement":[{"@type":"ListItem","position":1,"name":"Home","item":"https:\/\/ervadaninha.pt\/wp1\/"},{"@type":"ListItem","position":2,"name":"RIMA &#8211; Ensaio de Circo"}]},{"@type":"WebSite","@id":"https:\/\/ervadaninha.pt\/wp1\/#website","url":"https:\/\/ervadaninha.pt\/wp1\/","name":"Erva Daninha","description":"Erva Daninha","publisher":{"@id":"https:\/\/ervadaninha.pt\/wp1\/#organization"},"potentialAction":[{"@type":"SearchAction","target":{"@type":"EntryPoint","urlTemplate":"https:\/\/ervadaninha.pt\/wp1\/?s={search_term_string}"},"query-input":"required name=search_term_string"}],"inLanguage":"pt-PT"},{"@type":"Organization","@id":"https:\/\/ervadaninha.pt\/wp1\/#organization","name":"Erva Daninha","url":"https:\/\/ervadaninha.pt\/wp1\/","logo":{"@type":"ImageObject","inLanguage":"pt-PT","@id":"https:\/\/ervadaninha.pt\/wp1\/#\/schema\/logo\/image\/","url":"https:\/\/ervadaninha.pt\/wp1\/wp-content\/uploads\/2023\/09\/cropped-ervadaninha_preto_s.png","contentUrl":"https:\/\/ervadaninha.pt\/wp1\/wp-content\/uploads\/2023\/09\/cropped-ervadaninha_preto_s.png","width":100,"height":49,"caption":"Erva Daninha"},"image":{"@id":"https:\/\/ervadaninha.pt\/wp1\/#\/schema\/logo\/image\/"}}]}},"jetpack_sharing_enabled":true,"jetpack_shortlink":"https:\/\/wp.me\/P6f9xd-Pr","_links":{"self":[{"href":"https:\/\/ervadaninha.pt\/wp1\/index.php\/wp-json\/wp\/v2\/pages\/3189"}],"collection":[{"href":"https:\/\/ervadaninha.pt\/wp1\/index.php\/wp-json\/wp\/v2\/pages"}],"about":[{"href":"https:\/\/ervadaninha.pt\/wp1\/index.php\/wp-json\/wp\/v2\/types\/page"}],"author":[{"embeddable":true,"href":"https:\/\/ervadaninha.pt\/wp1\/index.php\/wp-json\/wp\/v2\/users\/1"}],"replies":[{"embeddable":true,"href":"https:\/\/ervadaninha.pt\/wp1\/index.php\/wp-json\/wp\/v2\/comments?post=3189"}],"version-history":[{"count":2,"href":"https:\/\/ervadaninha.pt\/wp1\/index.php\/wp-json\/wp\/v2\/pages\/3189\/revisions"}],"predecessor-version":[{"id":3541,"href":"https:\/\/ervadaninha.pt\/wp1\/index.php\/wp-json\/wp\/v2\/pages\/3189\/revisions\/3541"}],"wp:attachment":[{"href":"https:\/\/ervadaninha.pt\/wp1\/index.php\/wp-json\/wp\/v2\/media?parent=3189"}],"wp:term":[{"taxonomy":"post_tag","embeddable":true,"href":"https:\/\/ervadaninha.pt\/wp1\/index.php\/wp-json\/wp\/v2\/tags?post=3189"}],"curies":[{"name":"wp","href":"https:\/\/api.w.org\/{rel}","templated":true}]}}