{"id":3148,"date":"2024-07-15T13:59:10","date_gmt":"2024-07-15T13:59:10","guid":{"rendered":"https:\/\/ervadaninha.pt\/wp1\/?page_id=3148"},"modified":"2025-08-04T10:49:03","modified_gmt":"2025-08-04T10:49:03","slug":"rima","status":"publish","type":"page","link":"https:\/\/ervadaninha.pt\/wp1\/index.php\/rima\/","title":{"rendered":"Rima"},"content":{"rendered":"\n<p><strong>Alan Sencades* e Alvin Yong<\/strong>                <\/p>\n\n\n\n<p>*artista associado da Erva Daninha 24\/25 | projeto sat\u00e9lite <\/p>\n\n\n\n<figure class=\"wp-block-embed aligncenter is-type-video is-provider-vimeo wp-block-embed-vimeo wp-embed-aspect-16-9 wp-has-aspect-ratio\"><div class=\"wp-block-embed__wrapper\">\n<div class=\"jetpack-video-wrapper\"><div class=\"embed-vimeo\" style=\"text-align: center;\"><iframe loading=\"lazy\" src=\"https:\/\/player.vimeo.com\/video\/1100016652\" width=\"764\" height=\"430\" frameborder=\"0\" webkitallowfullscreen mozallowfullscreen allowfullscreen><\/iframe><\/div><\/div>\n<\/div><\/figure>\n\n\n\n<p>Alan e Alvin nascem no mesmo dia, com tr\u00eas anos de diferen\u00e7a e a 15.000 quil\u00f3metros de dist\u00e2ncia, em Kuala Lumpur na Mal\u00e1sia e Recife no Brasil. Por coincid\u00eancia em 2017 ambos decidem aprender e dedicar-se ao aparelho de circo roda Cyr. Em 2020, encontram-se enquanto estudantes da escola de circo INAC em Portugal e come\u00e7am a descobrir as suas semelhan\u00e7as. Como imigrantes, Alan e Alvin refletem sobre as suas caracter\u00edsticas e experi\u00eancias em comum ao construir uma segunda casa longe das suas terras natais. Procurando o conforto transformam pessoas e geografias desconhecidas em lugares de perten\u00e7a.<\/p>\n\n\n<div class=\"wp-block-image\">\n<figure class=\"aligncenter size-large is-resized\"><a href=\"https:\/\/ervadaninha.pt\/wp1\/wp-content\/uploads\/2025\/07\/DSC09204ashleighgeorgiourima-scaled-1.jpg\"><img decoding=\"async\" loading=\"lazy\" width=\"940\" height=\"627\" src=\"https:\/\/ervadaninha.pt\/wp1\/wp-content\/uploads\/2025\/07\/DSC09204ashleighgeorgiourima-scaled-1-940x627.jpg\" alt=\"\" class=\"wp-image-3692\" style=\"aspect-ratio:1.4994612068965518;width:553px;height:auto\" srcset=\"https:\/\/ervadaninha.pt\/wp1\/wp-content\/uploads\/2025\/07\/DSC09204ashleighgeorgiourima-scaled-1-940x627.jpg 940w, https:\/\/ervadaninha.pt\/wp1\/wp-content\/uploads\/2025\/07\/DSC09204ashleighgeorgiourima-scaled-1-620x413.jpg 620w, https:\/\/ervadaninha.pt\/wp1\/wp-content\/uploads\/2025\/07\/DSC09204ashleighgeorgiourima-scaled-1-768x512.jpg 768w, https:\/\/ervadaninha.pt\/wp1\/wp-content\/uploads\/2025\/07\/DSC09204ashleighgeorgiourima-scaled-1-1536x1024.jpg 1536w, https:\/\/ervadaninha.pt\/wp1\/wp-content\/uploads\/2025\/07\/DSC09204ashleighgeorgiourima-scaled-1-2048x1366.jpg 2048w, https:\/\/ervadaninha.pt\/wp1\/wp-content\/uploads\/2025\/07\/DSC09204ashleighgeorgiourima-scaled-1-300x200.jpg 300w\" sizes=\"(max-width: 940px) 100vw, 940px\" \/><\/a><\/figure><\/div>\n\n\n<p><\/p>\n\n\n\n<div class=\"wp-block-media-text is-stacked-on-mobile\" style=\"grid-template-columns:21% auto\"><figure class=\"wp-block-media-text__media\"><img decoding=\"async\" loading=\"lazy\" width=\"940\" height=\"1410\" src=\"https:\/\/ervadaninha.pt\/wp1\/wp-content\/uploads\/2025\/07\/DSC09133ashleighgeorgiourima-940x1410.jpg\" alt=\"\" class=\"wp-image-3637 size-full\" srcset=\"https:\/\/ervadaninha.pt\/wp1\/wp-content\/uploads\/2025\/07\/DSC09133ashleighgeorgiourima-940x1410.jpg 940w, https:\/\/ervadaninha.pt\/wp1\/wp-content\/uploads\/2025\/07\/DSC09133ashleighgeorgiourima-620x930.jpg 620w, https:\/\/ervadaninha.pt\/wp1\/wp-content\/uploads\/2025\/07\/DSC09133ashleighgeorgiourima-768x1152.jpg 768w, https:\/\/ervadaninha.pt\/wp1\/wp-content\/uploads\/2025\/07\/DSC09133ashleighgeorgiourima-1024x1536.jpg 1024w, https:\/\/ervadaninha.pt\/wp1\/wp-content\/uploads\/2025\/07\/DSC09133ashleighgeorgiourima-1366x2048.jpg 1366w, https:\/\/ervadaninha.pt\/wp1\/wp-content\/uploads\/2025\/07\/DSC09133ashleighgeorgiourima-200x300.jpg 200w, https:\/\/ervadaninha.pt\/wp1\/wp-content\/uploads\/2025\/07\/DSC09133ashleighgeorgiourima-scaled.jpg 1707w\" sizes=\"(max-width: 940px) 100vw, 940px\" \/><\/figure><div class=\"wp-block-media-text__content\">\n<p>\u201cRima\u201d sugere, de forma simples e sens\u00edvel, uma narrativa simb\u00f3lica de encontro entre dois estranhos que decidem construir casa juntos usando a dimens\u00e3o e a forma da roda Cyr para criar esta ideia de lar e lugar seguro para habitar.<\/p>\n\n\n\n<p><\/p>\n\n\n\n<p>Espet\u00e1culo multidisciplinar em que as t\u00e9cnicas de circo e o movimento se cruzam, tendo como linguagem central a roda Cyr, como um s\u00edmbolo de conex\u00e3o entre duas pe\u00e7as consonantes dentro do mesmo (uni)verso. O p\u00fablico \u00e9 convidado a identificar-se com essa experi\u00eancia de procura de uma casa, um lar, um abrigo construindo conex\u00f5es significativas, independentemente das origens geogr\u00e1ficas.<\/p>\n<\/div><\/div>\n\n\n\n<p><\/p>\n\n\n\n<figure class=\"wp-block-embed is-type-video is-provider-vimeo wp-block-embed-vimeo wp-embed-aspect-16-9 wp-has-aspect-ratio\"><div class=\"wp-block-embed__wrapper\">\n<div class=\"jetpack-video-wrapper\"><div class=\"embed-vimeo\" style=\"text-align: center;\"><iframe loading=\"lazy\" src=\"https:\/\/player.vimeo.com\/video\/990019896\" width=\"764\" height=\"430\" frameborder=\"0\" webkitallowfullscreen mozallowfullscreen allowfullscreen><\/iframe><\/div><\/div>\n<\/div><\/figure>\n\n\n\n<h2 class=\"wp-block-heading has-medium-font-size\">Ficha Art\u00edstica&nbsp;<\/h2>\n\n\n\n<div class=\"wp-block-group is-layout-constrained wp-block-group-is-layout-constrained\"><div class=\"wp-block-group__inner-container\">\n<p>Cria\u00e7\u00e3o e Interpreta\u00e7\u00e3o<strong>: Alan Sencades e Alvin Yong<\/strong><\/p>\n\n\n\n<p>M\u00fasica: <strong>FOQUE<\/strong> &amp; <strong>Jo\u00e3o Diogo Leit\u00e3o<\/strong><\/p>\n\n\n\n<p>Dire\u00e7\u00e3o t\u00e9cnica:&nbsp;<strong>Vasco Gomes<\/strong><\/p>\n\n\n\n<p>Fotografias e v\u00eddeos:&nbsp;<strong>Ashleigh Georgiou<\/strong><\/p>\n\n\n\n<p>Produ\u00e7\u00e3o executiva:&nbsp;<strong>Andrew Ossada<\/strong><\/p>\n\n\n\n<p>Comunica\u00e7\u00e3o e log\u00edstica<strong>: El\u00edsio Mota<\/strong><\/p>\n\n\n\n<p>Produ\u00e7\u00e3o:&nbsp;<strong>Erva Daninha<\/strong><\/p>\n\n\n\n<p>Coprodu\u00e7\u00e3o:&nbsp;<strong>Serralves em Festa, Festival Vaudeville Rendez-Vous<\/strong><\/p>\n\n\n\n<p>Apoio \u00e0 Cria\u00e7\u00e3o:&nbsp;<strong>Teatro do Mar, Ensaios de Circo<\/strong>, <strong>Culture Moves Europe<\/strong><\/p>\n\n\n\n<p>Apoio \u00e0 Resid\u00eancia:&nbsp;<strong>fAUNA | habitat de cria\u00e7\u00e3o \u2013 Teatro da Didasc\u00e1lia, El Invernadero, GrETUA, Ganso Manso<\/strong>,<strong> Museu de Serralves<\/strong><\/p>\n\n\n\n<p>Apoio:&nbsp;<strong>Rep\u00fablica Portuguesa &#8211; Cultura \/ Dire\u00e7\u00e3o Geral das Artes<\/strong><\/p>\n<\/div><\/div>\n","protected":false},"excerpt":{"rendered":"<p>Alan Sencades* e Alvin Yong *artista associado da Erva Daninha 24\/25 | projeto sat\u00e9lite Alan e Alvin nascem no mesmo dia, com tr\u00eas anos de diferen\u00e7a e a 15.000 quil\u00f3metros [&hellip;]<\/p>\n","protected":false},"author":1,"featured_media":0,"parent":0,"menu_order":0,"comment_status":"closed","ping_status":"closed","template":"","meta":{"_themeisle_gutenberg_block_has_review":false,"jetpack_post_was_ever_published":false,"footnotes":""},"tags":[],"yoast_head":"<!-- This site is optimized with the Yoast SEO plugin v21.0 - https:\/\/yoast.com\/wordpress\/plugins\/seo\/ -->\n<title>Rima - Erva Daninha<\/title>\n<meta name=\"robots\" content=\"index, follow, max-snippet:-1, max-image-preview:large, max-video-preview:-1\" \/>\n<link rel=\"canonical\" href=\"https:\/\/ervadaninha.pt\/wp1\/index.php\/rima\/\" \/>\n<meta property=\"og:locale\" content=\"pt_PT\" \/>\n<meta property=\"og:type\" content=\"article\" \/>\n<meta property=\"og:title\" content=\"Rima - Erva Daninha\" \/>\n<meta property=\"og:description\" content=\"Alan Sencades* e Alvin Yong *artista associado da Erva Daninha 24\/25 | projeto sat\u00e9lite Alan e Alvin nascem no mesmo dia, com tr\u00eas anos de diferen\u00e7a e a 15.000 quil\u00f3metros [&hellip;]\" \/>\n<meta property=\"og:url\" content=\"https:\/\/ervadaninha.pt\/wp1\/index.php\/rima\/\" \/>\n<meta property=\"og:site_name\" content=\"Erva Daninha\" \/>\n<meta property=\"article:modified_time\" content=\"2025-08-04T10:49:03+00:00\" \/>\n<meta property=\"og:image\" content=\"https:\/\/ervadaninha.pt\/wp1\/wp-content\/uploads\/2025\/07\/DSC09204ashleighgeorgiourima-scaled-1-940x627.jpg\" \/>\n<meta name=\"twitter:card\" content=\"summary_large_image\" \/>\n<meta name=\"twitter:label1\" content=\"Tempo estimado de leitura\" \/>\n\t<meta name=\"twitter:data1\" content=\"3 minutos\" \/>\n<script type=\"application\/ld+json\" class=\"yoast-schema-graph\">{\"@context\":\"https:\/\/schema.org\",\"@graph\":[{\"@type\":\"WebPage\",\"@id\":\"https:\/\/ervadaninha.pt\/wp1\/index.php\/rima\/\",\"url\":\"https:\/\/ervadaninha.pt\/wp1\/index.php\/rima\/\",\"name\":\"Rima - Erva Daninha\",\"isPartOf\":{\"@id\":\"https:\/\/ervadaninha.pt\/wp1\/#website\"},\"datePublished\":\"2024-07-15T13:59:10+00:00\",\"dateModified\":\"2025-08-04T10:49:03+00:00\",\"breadcrumb\":{\"@id\":\"https:\/\/ervadaninha.pt\/wp1\/index.php\/rima\/#breadcrumb\"},\"inLanguage\":\"pt-PT\",\"potentialAction\":[{\"@type\":\"ReadAction\",\"target\":[\"https:\/\/ervadaninha.pt\/wp1\/index.php\/rima\/\"]}]},{\"@type\":\"BreadcrumbList\",\"@id\":\"https:\/\/ervadaninha.pt\/wp1\/index.php\/rima\/#breadcrumb\",\"itemListElement\":[{\"@type\":\"ListItem\",\"position\":1,\"name\":\"Home\",\"item\":\"https:\/\/ervadaninha.pt\/wp1\/\"},{\"@type\":\"ListItem\",\"position\":2,\"name\":\"Rima\"}]},{\"@type\":\"WebSite\",\"@id\":\"https:\/\/ervadaninha.pt\/wp1\/#website\",\"url\":\"https:\/\/ervadaninha.pt\/wp1\/\",\"name\":\"Erva Daninha\",\"description\":\"Erva Daninha\",\"publisher\":{\"@id\":\"https:\/\/ervadaninha.pt\/wp1\/#organization\"},\"potentialAction\":[{\"@type\":\"SearchAction\",\"target\":{\"@type\":\"EntryPoint\",\"urlTemplate\":\"https:\/\/ervadaninha.pt\/wp1\/?s={search_term_string}\"},\"query-input\":\"required name=search_term_string\"}],\"inLanguage\":\"pt-PT\"},{\"@type\":\"Organization\",\"@id\":\"https:\/\/ervadaninha.pt\/wp1\/#organization\",\"name\":\"Erva Daninha\",\"url\":\"https:\/\/ervadaninha.pt\/wp1\/\",\"logo\":{\"@type\":\"ImageObject\",\"inLanguage\":\"pt-PT\",\"@id\":\"https:\/\/ervadaninha.pt\/wp1\/#\/schema\/logo\/image\/\",\"url\":\"https:\/\/ervadaninha.pt\/wp1\/wp-content\/uploads\/2023\/09\/cropped-ervadaninha_preto_s.png\",\"contentUrl\":\"https:\/\/ervadaninha.pt\/wp1\/wp-content\/uploads\/2023\/09\/cropped-ervadaninha_preto_s.png\",\"width\":100,\"height\":49,\"caption\":\"Erva Daninha\"},\"image\":{\"@id\":\"https:\/\/ervadaninha.pt\/wp1\/#\/schema\/logo\/image\/\"}}]}<\/script>\n<!-- \/ Yoast SEO plugin. -->","yoast_head_json":{"title":"Rima - Erva Daninha","robots":{"index":"index","follow":"follow","max-snippet":"max-snippet:-1","max-image-preview":"max-image-preview:large","max-video-preview":"max-video-preview:-1"},"canonical":"https:\/\/ervadaninha.pt\/wp1\/index.php\/rima\/","og_locale":"pt_PT","og_type":"article","og_title":"Rima - Erva Daninha","og_description":"Alan Sencades* e Alvin Yong *artista associado da Erva Daninha 24\/25 | projeto sat\u00e9lite Alan e Alvin nascem no mesmo dia, com tr\u00eas anos de diferen\u00e7a e a 15.000 quil\u00f3metros [&hellip;]","og_url":"https:\/\/ervadaninha.pt\/wp1\/index.php\/rima\/","og_site_name":"Erva Daninha","article_modified_time":"2025-08-04T10:49:03+00:00","og_image":[{"url":"https:\/\/ervadaninha.pt\/wp1\/wp-content\/uploads\/2025\/07\/DSC09204ashleighgeorgiourima-scaled-1-940x627.jpg"}],"twitter_card":"summary_large_image","twitter_misc":{"Tempo estimado de leitura":"3 minutos"},"schema":{"@context":"https:\/\/schema.org","@graph":[{"@type":"WebPage","@id":"https:\/\/ervadaninha.pt\/wp1\/index.php\/rima\/","url":"https:\/\/ervadaninha.pt\/wp1\/index.php\/rima\/","name":"Rima - Erva Daninha","isPartOf":{"@id":"https:\/\/ervadaninha.pt\/wp1\/#website"},"datePublished":"2024-07-15T13:59:10+00:00","dateModified":"2025-08-04T10:49:03+00:00","breadcrumb":{"@id":"https:\/\/ervadaninha.pt\/wp1\/index.php\/rima\/#breadcrumb"},"inLanguage":"pt-PT","potentialAction":[{"@type":"ReadAction","target":["https:\/\/ervadaninha.pt\/wp1\/index.php\/rima\/"]}]},{"@type":"BreadcrumbList","@id":"https:\/\/ervadaninha.pt\/wp1\/index.php\/rima\/#breadcrumb","itemListElement":[{"@type":"ListItem","position":1,"name":"Home","item":"https:\/\/ervadaninha.pt\/wp1\/"},{"@type":"ListItem","position":2,"name":"Rima"}]},{"@type":"WebSite","@id":"https:\/\/ervadaninha.pt\/wp1\/#website","url":"https:\/\/ervadaninha.pt\/wp1\/","name":"Erva Daninha","description":"Erva Daninha","publisher":{"@id":"https:\/\/ervadaninha.pt\/wp1\/#organization"},"potentialAction":[{"@type":"SearchAction","target":{"@type":"EntryPoint","urlTemplate":"https:\/\/ervadaninha.pt\/wp1\/?s={search_term_string}"},"query-input":"required name=search_term_string"}],"inLanguage":"pt-PT"},{"@type":"Organization","@id":"https:\/\/ervadaninha.pt\/wp1\/#organization","name":"Erva Daninha","url":"https:\/\/ervadaninha.pt\/wp1\/","logo":{"@type":"ImageObject","inLanguage":"pt-PT","@id":"https:\/\/ervadaninha.pt\/wp1\/#\/schema\/logo\/image\/","url":"https:\/\/ervadaninha.pt\/wp1\/wp-content\/uploads\/2023\/09\/cropped-ervadaninha_preto_s.png","contentUrl":"https:\/\/ervadaninha.pt\/wp1\/wp-content\/uploads\/2023\/09\/cropped-ervadaninha_preto_s.png","width":100,"height":49,"caption":"Erva Daninha"},"image":{"@id":"https:\/\/ervadaninha.pt\/wp1\/#\/schema\/logo\/image\/"}}]}},"jetpack_sharing_enabled":true,"jetpack_shortlink":"https:\/\/wp.me\/P6f9xd-OM","_links":{"self":[{"href":"https:\/\/ervadaninha.pt\/wp1\/index.php\/wp-json\/wp\/v2\/pages\/3148"}],"collection":[{"href":"https:\/\/ervadaninha.pt\/wp1\/index.php\/wp-json\/wp\/v2\/pages"}],"about":[{"href":"https:\/\/ervadaninha.pt\/wp1\/index.php\/wp-json\/wp\/v2\/types\/page"}],"author":[{"embeddable":true,"href":"https:\/\/ervadaninha.pt\/wp1\/index.php\/wp-json\/wp\/v2\/users\/1"}],"replies":[{"embeddable":true,"href":"https:\/\/ervadaninha.pt\/wp1\/index.php\/wp-json\/wp\/v2\/comments?post=3148"}],"version-history":[{"count":45,"href":"https:\/\/ervadaninha.pt\/wp1\/index.php\/wp-json\/wp\/v2\/pages\/3148\/revisions"}],"predecessor-version":[{"id":3805,"href":"https:\/\/ervadaninha.pt\/wp1\/index.php\/wp-json\/wp\/v2\/pages\/3148\/revisions\/3805"}],"wp:attachment":[{"href":"https:\/\/ervadaninha.pt\/wp1\/index.php\/wp-json\/wp\/v2\/media?parent=3148"}],"wp:term":[{"taxonomy":"post_tag","embeddable":true,"href":"https:\/\/ervadaninha.pt\/wp1\/index.php\/wp-json\/wp\/v2\/tags?post=3148"}],"curies":[{"name":"wp","href":"https:\/\/api.w.org\/{rel}","templated":true}]}}