{"id":3106,"date":"2024-07-11T14:01:07","date_gmt":"2024-07-11T14:01:07","guid":{"rendered":"https:\/\/ervadaninha.pt\/wp1\/?page_id=3106"},"modified":"2025-09-25T09:48:55","modified_gmt":"2025-09-25T09:48:55","slug":"riacho-vertical","status":"publish","type":"page","link":"https:\/\/ervadaninha.pt\/wp1\/index.php\/riacho-vertical\/","title":{"rendered":"RIACHO VERTICAL"},"content":{"rendered":"\n<div class=\"wp-block-media-text has-media-on-the-right is-stacked-on-mobile is-image-fill\" style=\"grid-template-columns:auto 29%\"><div class=\"wp-block-media-text__content\">\n<p><em>RIACHO VERTICAL<\/em> da CAOS<\/p>\n\n\n\n<p>ensaio aberto  <a href=\"https:\/\/ervadaninha.pt\/wp1\/index.php\/portfolio\/contactos\/\" target=\"_blank\" rel=\"noreferrer noopener\">CCC<\/a>  &#8211; 5 Mai &#8211; 17h &#8211; 2024 <\/p>\n\n\n\n<p>(resid\u00eancia art\u00edstica &#8211; 8\/1 a 14\/1 + 29\/4 a 5\/5)<\/p>\n<\/div><figure class=\"wp-block-media-text__media\" style=\"background-image:url(https:\/\/ervadaninha.pt\/wp1\/wp-content\/uploads\/2024\/01\/IMG_8254-CAOS-940x1253.jpg);background-position:50% 50%\"><img decoding=\"async\" loading=\"lazy\" width=\"940\" height=\"1253\" src=\"https:\/\/ervadaninha.pt\/wp1\/wp-content\/uploads\/2024\/01\/IMG_8254-CAOS-940x1253.jpg\" alt=\"\" class=\"wp-image-2973 size-full\" srcset=\"https:\/\/ervadaninha.pt\/wp1\/wp-content\/uploads\/2024\/01\/IMG_8254-CAOS-940x1253.jpg 940w, https:\/\/ervadaninha.pt\/wp1\/wp-content\/uploads\/2024\/01\/IMG_8254-CAOS-620x827.jpg 620w, https:\/\/ervadaninha.pt\/wp1\/wp-content\/uploads\/2024\/01\/IMG_8254-CAOS-768x1024.jpg 768w, https:\/\/ervadaninha.pt\/wp1\/wp-content\/uploads\/2024\/01\/IMG_8254-CAOS-1152x1536.jpg 1152w, https:\/\/ervadaninha.pt\/wp1\/wp-content\/uploads\/2024\/01\/IMG_8254-CAOS-1536x2048.jpg 1536w, https:\/\/ervadaninha.pt\/wp1\/wp-content\/uploads\/2024\/01\/IMG_8254-CAOS-800x1067.jpg 800w, https:\/\/ervadaninha.pt\/wp1\/wp-content\/uploads\/2024\/01\/IMG_8254-CAOS-225x300.jpg 225w, https:\/\/ervadaninha.pt\/wp1\/wp-content\/uploads\/2024\/01\/IMG_8254-CAOS-scaled.jpg 1920w\" sizes=\"(max-width: 940px) 100vw, 940px\" \/><\/figure><\/div>\n\n\n\n<p><\/p>\n\n\n\n<figure class=\"wp-block-embed is-type-video is-provider-vimeo wp-block-embed-vimeo wp-embed-aspect-16-9 wp-has-aspect-ratio\"><div class=\"wp-block-embed__wrapper\">\n<div class=\"jetpack-video-wrapper\"><iframe loading=\"lazy\" title=\"Riacho Vertical da CAOS\" src=\"https:\/\/player.vimeo.com\/video\/951053465?dnt=1&amp;app_id=122963\" width=\"764\" height=\"430\" frameborder=\"0\" allow=\"autoplay; fullscreen; picture-in-picture; clipboard-write\"><\/iframe><\/div>\n<\/div><\/figure>\n\n\n\n<p><strong>Dire\u00e7\u00e3o e Int\u00e9rpretes-criadores:&nbsp;<\/strong>Jo\u00e3o Antunes, Nath\u00e1lia Furlan e Pedro Caetano<\/p>\n\n\n\n<p><strong>Orienta\u00e7\u00e3o art\u00edstica:&nbsp;<\/strong>Nath\u00e1lia Furlan<\/p>\n\n\n\n<p><strong>Dire\u00e7\u00e3o e Composi\u00e7\u00e3o musical:\u00a0<\/strong>Rafael Maia\u00a0<\/p>\n\n\n\n<p><strong>Figurinos e Cenografia:\u00a0<\/strong>Mafalda Antunes<\/p>\n\n\n\n<p><strong>Desenho de Luz:\u00a0<\/strong>Tiago Santos<\/p>\n\n\n\n<p><strong>Capta\u00e7\u00e3o de Imagem e V\u00eddeo:\u00a0<\/strong>Susana Chic\u00f3<\/p>\n\n\n\n<p><strong>Apoio \u00e0 resid\u00eancia: <\/strong>Teatro da Didasc\u00e1lia (fAUNA); AgitLab<\/p>\n\n\n\n<p>+info: <a href=\"https:\/\/www.instagram.com\/caoscircus.arts\/\">https:\/\/www.instagram.com\/caoscircus.arts\/<\/a><\/p>\n","protected":false},"excerpt":{"rendered":"<p>RIACHO VERTICAL da CAOS ensaio aberto CCC &#8211; 5 Mai &#8211; 17h &#8211; 2024 (resid\u00eancia art\u00edstica &#8211; 8\/1 a 14\/1 + 29\/4 a 5\/5) Dire\u00e7\u00e3o e Int\u00e9rpretes-criadores:&nbsp;Jo\u00e3o Antunes, Nath\u00e1lia Furlan [&hellip;]<\/p>\n","protected":false},"author":1,"featured_media":0,"parent":0,"menu_order":0,"comment_status":"closed","ping_status":"closed","template":"","meta":{"_themeisle_gutenberg_block_has_review":false,"jetpack_post_was_ever_published":false,"footnotes":""},"tags":[],"yoast_head":"<!-- This site is optimized with the Yoast SEO plugin v21.0 - https:\/\/yoast.com\/wordpress\/plugins\/seo\/ -->\n<title>RIACHO VERTICAL - Erva Daninha<\/title>\n<meta name=\"robots\" content=\"index, follow, max-snippet:-1, max-image-preview:large, max-video-preview:-1\" \/>\n<link rel=\"canonical\" href=\"https:\/\/ervadaninha.pt\/wp1\/index.php\/riacho-vertical\/\" \/>\n<meta property=\"og:locale\" content=\"pt_PT\" \/>\n<meta property=\"og:type\" content=\"article\" \/>\n<meta property=\"og:title\" content=\"RIACHO VERTICAL - Erva Daninha\" \/>\n<meta property=\"og:description\" content=\"RIACHO VERTICAL da CAOS ensaio aberto CCC &#8211; 5 Mai &#8211; 17h &#8211; 2024 (resid\u00eancia art\u00edstica &#8211; 8\/1 a 14\/1 + 29\/4 a 5\/5) Dire\u00e7\u00e3o e Int\u00e9rpretes-criadores:&nbsp;Jo\u00e3o Antunes, Nath\u00e1lia Furlan [&hellip;]\" \/>\n<meta property=\"og:url\" content=\"https:\/\/ervadaninha.pt\/wp1\/index.php\/riacho-vertical\/\" \/>\n<meta property=\"og:site_name\" content=\"Erva Daninha\" \/>\n<meta property=\"article:modified_time\" content=\"2025-09-25T09:48:55+00:00\" \/>\n<meta property=\"og:image\" content=\"https:\/\/ervadaninha.pt\/wp1\/wp-content\/uploads\/2024\/01\/IMG_8254-CAOS-940x1253.jpg\" \/>\n<meta name=\"twitter:card\" content=\"summary_large_image\" \/>\n<meta name=\"twitter:label1\" content=\"Tempo estimado de leitura\" \/>\n\t<meta name=\"twitter:data1\" content=\"1 minuto\" \/>\n<script type=\"application\/ld+json\" class=\"yoast-schema-graph\">{\"@context\":\"https:\/\/schema.org\",\"@graph\":[{\"@type\":\"WebPage\",\"@id\":\"https:\/\/ervadaninha.pt\/wp1\/index.php\/riacho-vertical\/\",\"url\":\"https:\/\/ervadaninha.pt\/wp1\/index.php\/riacho-vertical\/\",\"name\":\"RIACHO VERTICAL - Erva Daninha\",\"isPartOf\":{\"@id\":\"https:\/\/ervadaninha.pt\/wp1\/#website\"},\"datePublished\":\"2024-07-11T14:01:07+00:00\",\"dateModified\":\"2025-09-25T09:48:55+00:00\",\"breadcrumb\":{\"@id\":\"https:\/\/ervadaninha.pt\/wp1\/index.php\/riacho-vertical\/#breadcrumb\"},\"inLanguage\":\"pt-PT\",\"potentialAction\":[{\"@type\":\"ReadAction\",\"target\":[\"https:\/\/ervadaninha.pt\/wp1\/index.php\/riacho-vertical\/\"]}]},{\"@type\":\"BreadcrumbList\",\"@id\":\"https:\/\/ervadaninha.pt\/wp1\/index.php\/riacho-vertical\/#breadcrumb\",\"itemListElement\":[{\"@type\":\"ListItem\",\"position\":1,\"name\":\"Home\",\"item\":\"https:\/\/ervadaninha.pt\/wp1\/\"},{\"@type\":\"ListItem\",\"position\":2,\"name\":\"RIACHO VERTICAL\"}]},{\"@type\":\"WebSite\",\"@id\":\"https:\/\/ervadaninha.pt\/wp1\/#website\",\"url\":\"https:\/\/ervadaninha.pt\/wp1\/\",\"name\":\"Erva Daninha\",\"description\":\"Erva Daninha\",\"publisher\":{\"@id\":\"https:\/\/ervadaninha.pt\/wp1\/#organization\"},\"potentialAction\":[{\"@type\":\"SearchAction\",\"target\":{\"@type\":\"EntryPoint\",\"urlTemplate\":\"https:\/\/ervadaninha.pt\/wp1\/?s={search_term_string}\"},\"query-input\":\"required name=search_term_string\"}],\"inLanguage\":\"pt-PT\"},{\"@type\":\"Organization\",\"@id\":\"https:\/\/ervadaninha.pt\/wp1\/#organization\",\"name\":\"Erva Daninha\",\"url\":\"https:\/\/ervadaninha.pt\/wp1\/\",\"logo\":{\"@type\":\"ImageObject\",\"inLanguage\":\"pt-PT\",\"@id\":\"https:\/\/ervadaninha.pt\/wp1\/#\/schema\/logo\/image\/\",\"url\":\"https:\/\/ervadaninha.pt\/wp1\/wp-content\/uploads\/2023\/09\/cropped-ervadaninha_preto_s.png\",\"contentUrl\":\"https:\/\/ervadaninha.pt\/wp1\/wp-content\/uploads\/2023\/09\/cropped-ervadaninha_preto_s.png\",\"width\":100,\"height\":49,\"caption\":\"Erva Daninha\"},\"image\":{\"@id\":\"https:\/\/ervadaninha.pt\/wp1\/#\/schema\/logo\/image\/\"}}]}<\/script>\n<!-- \/ Yoast SEO plugin. -->","yoast_head_json":{"title":"RIACHO VERTICAL - Erva Daninha","robots":{"index":"index","follow":"follow","max-snippet":"max-snippet:-1","max-image-preview":"max-image-preview:large","max-video-preview":"max-video-preview:-1"},"canonical":"https:\/\/ervadaninha.pt\/wp1\/index.php\/riacho-vertical\/","og_locale":"pt_PT","og_type":"article","og_title":"RIACHO VERTICAL - Erva Daninha","og_description":"RIACHO VERTICAL da CAOS ensaio aberto CCC &#8211; 5 Mai &#8211; 17h &#8211; 2024 (resid\u00eancia art\u00edstica &#8211; 8\/1 a 14\/1 + 29\/4 a 5\/5) Dire\u00e7\u00e3o e Int\u00e9rpretes-criadores:&nbsp;Jo\u00e3o Antunes, Nath\u00e1lia Furlan [&hellip;]","og_url":"https:\/\/ervadaninha.pt\/wp1\/index.php\/riacho-vertical\/","og_site_name":"Erva Daninha","article_modified_time":"2025-09-25T09:48:55+00:00","og_image":[{"url":"https:\/\/ervadaninha.pt\/wp1\/wp-content\/uploads\/2024\/01\/IMG_8254-CAOS-940x1253.jpg"}],"twitter_card":"summary_large_image","twitter_misc":{"Tempo estimado de leitura":"1 minuto"},"schema":{"@context":"https:\/\/schema.org","@graph":[{"@type":"WebPage","@id":"https:\/\/ervadaninha.pt\/wp1\/index.php\/riacho-vertical\/","url":"https:\/\/ervadaninha.pt\/wp1\/index.php\/riacho-vertical\/","name":"RIACHO VERTICAL - Erva Daninha","isPartOf":{"@id":"https:\/\/ervadaninha.pt\/wp1\/#website"},"datePublished":"2024-07-11T14:01:07+00:00","dateModified":"2025-09-25T09:48:55+00:00","breadcrumb":{"@id":"https:\/\/ervadaninha.pt\/wp1\/index.php\/riacho-vertical\/#breadcrumb"},"inLanguage":"pt-PT","potentialAction":[{"@type":"ReadAction","target":["https:\/\/ervadaninha.pt\/wp1\/index.php\/riacho-vertical\/"]}]},{"@type":"BreadcrumbList","@id":"https:\/\/ervadaninha.pt\/wp1\/index.php\/riacho-vertical\/#breadcrumb","itemListElement":[{"@type":"ListItem","position":1,"name":"Home","item":"https:\/\/ervadaninha.pt\/wp1\/"},{"@type":"ListItem","position":2,"name":"RIACHO VERTICAL"}]},{"@type":"WebSite","@id":"https:\/\/ervadaninha.pt\/wp1\/#website","url":"https:\/\/ervadaninha.pt\/wp1\/","name":"Erva Daninha","description":"Erva Daninha","publisher":{"@id":"https:\/\/ervadaninha.pt\/wp1\/#organization"},"potentialAction":[{"@type":"SearchAction","target":{"@type":"EntryPoint","urlTemplate":"https:\/\/ervadaninha.pt\/wp1\/?s={search_term_string}"},"query-input":"required name=search_term_string"}],"inLanguage":"pt-PT"},{"@type":"Organization","@id":"https:\/\/ervadaninha.pt\/wp1\/#organization","name":"Erva Daninha","url":"https:\/\/ervadaninha.pt\/wp1\/","logo":{"@type":"ImageObject","inLanguage":"pt-PT","@id":"https:\/\/ervadaninha.pt\/wp1\/#\/schema\/logo\/image\/","url":"https:\/\/ervadaninha.pt\/wp1\/wp-content\/uploads\/2023\/09\/cropped-ervadaninha_preto_s.png","contentUrl":"https:\/\/ervadaninha.pt\/wp1\/wp-content\/uploads\/2023\/09\/cropped-ervadaninha_preto_s.png","width":100,"height":49,"caption":"Erva Daninha"},"image":{"@id":"https:\/\/ervadaninha.pt\/wp1\/#\/schema\/logo\/image\/"}}]}},"jetpack_sharing_enabled":true,"jetpack_shortlink":"https:\/\/wp.me\/P6f9xd-O6","_links":{"self":[{"href":"https:\/\/ervadaninha.pt\/wp1\/index.php\/wp-json\/wp\/v2\/pages\/3106"}],"collection":[{"href":"https:\/\/ervadaninha.pt\/wp1\/index.php\/wp-json\/wp\/v2\/pages"}],"about":[{"href":"https:\/\/ervadaninha.pt\/wp1\/index.php\/wp-json\/wp\/v2\/types\/page"}],"author":[{"embeddable":true,"href":"https:\/\/ervadaninha.pt\/wp1\/index.php\/wp-json\/wp\/v2\/users\/1"}],"replies":[{"embeddable":true,"href":"https:\/\/ervadaninha.pt\/wp1\/index.php\/wp-json\/wp\/v2\/comments?post=3106"}],"version-history":[{"count":4,"href":"https:\/\/ervadaninha.pt\/wp1\/index.php\/wp-json\/wp\/v2\/pages\/3106\/revisions"}],"predecessor-version":[{"id":4096,"href":"https:\/\/ervadaninha.pt\/wp1\/index.php\/wp-json\/wp\/v2\/pages\/3106\/revisions\/4096"}],"wp:attachment":[{"href":"https:\/\/ervadaninha.pt\/wp1\/index.php\/wp-json\/wp\/v2\/media?parent=3106"}],"wp:term":[{"taxonomy":"post_tag","embeddable":true,"href":"https:\/\/ervadaninha.pt\/wp1\/index.php\/wp-json\/wp\/v2\/tags?post=3106"}],"curies":[{"name":"wp","href":"https:\/\/api.w.org\/{rel}","templated":true}]}}