{"id":2810,"date":"2023-11-02T16:33:33","date_gmt":"2023-11-02T16:33:33","guid":{"rendered":"https:\/\/ervadaninha.pt\/wp1\/?page_id=2810"},"modified":"2023-11-02T16:33:41","modified_gmt":"2023-11-02T16:33:41","slug":"oficina-de-portes-acrobaticos","status":"publish","type":"page","link":"https:\/\/ervadaninha.pt\/wp1\/index.php\/oficina-de-portes-acrobaticos\/","title":{"rendered":"Oficina de Portes Acrob\u00e1ticos"},"content":{"rendered":"\n<p><a href=\"https:\/\/docs.google.com\/forms\/d\/e\/1FAIpQLSdy4UXcqQBKOXNAD7hLWK2GyIZHOJ2mxDT13NhWjSkhAyW8-w\/viewform?fbzx=-3701954303950198285\" target=\"_blank\" rel=\"noreferrer noopener\">inscri\u00e7\u00e3o link<\/a> <\/p>\n\n\n\n<p><strong>Artista | <em><mark style=\"background-color:rgba(0, 0, 0, 0)\" class=\"has-inline-color has-cyan-bluish-gray-color\">Performer<\/mark><\/em><\/strong>\u00a0Pedro Consci\u00eancia<\/p>\n\n\n\n<p>Pedro Consci\u00eancia, formado pelo CNAC e criador da companhia Big Bin\u00f4me, \u00e9 especialista em acrobacia, base de portes din\u00e2micos e banquina. Trabalha desde 2018 com a companhia Akoreacro e mais recentemente com a XY.&nbsp;<\/p>\n\n\n\n<p><em><mark style=\"background-color:rgba(0, 0, 0, 0)\" class=\"has-inline-color has-cyan-bluish-gray-color\">Pedro Consci\u00eancia, a graduate from CNAC and creator of Big Bin\u00f4me company, specialises in acrobatics, acrobatics lifts and banquine. He has been working with the company Akoreacro since 2018 and more recently with XY.<\/mark><\/em><\/p>\n\n\n<div class=\"wp-block-image\">\n<figure class=\"aligncenter size-large is-resized\"><a href=\"https:\/\/ervadaninha.pt\/wp1\/wp-content\/uploads\/2023\/11\/PedroConsciencia.jpg\"><img decoding=\"async\" loading=\"lazy\" width=\"940\" height=\"627\" src=\"https:\/\/ervadaninha.pt\/wp1\/wp-content\/uploads\/2023\/11\/PedroConsciencia-940x627.jpg\" alt=\"\" class=\"wp-image-2811\" style=\"aspect-ratio:1.499531396438613;width:663px;height:auto\" srcset=\"https:\/\/ervadaninha.pt\/wp1\/wp-content\/uploads\/2023\/11\/PedroConsciencia-940x627.jpg 940w, https:\/\/ervadaninha.pt\/wp1\/wp-content\/uploads\/2023\/11\/PedroConsciencia-620x413.jpg 620w, https:\/\/ervadaninha.pt\/wp1\/wp-content\/uploads\/2023\/11\/PedroConsciencia-768x512.jpg 768w, https:\/\/ervadaninha.pt\/wp1\/wp-content\/uploads\/2023\/11\/PedroConsciencia-1536x1024.jpg 1536w, https:\/\/ervadaninha.pt\/wp1\/wp-content\/uploads\/2023\/11\/PedroConsciencia-300x200.jpg 300w, https:\/\/ervadaninha.pt\/wp1\/wp-content\/uploads\/2023\/11\/PedroConsciencia.jpg 1600w\" sizes=\"(max-width: 940px) 100vw, 940px\" \/><\/a><\/figure><\/div>\n\n\n<p><strong>Sinopse |\u00a0<mark style=\"background-color:rgba(0, 0, 0, 0)\" class=\"has-inline-color has-cyan-bluish-gray-color\">Synopsis<\/mark><\/strong><\/p>\n\n\n\n<p>Forma\u00e7\u00e3o avan\u00e7ada em acrobacia de m\u00e3o a m\u00e3o e banquina dirigida a profissionais ou alunos de circo. 16 horas de forma\u00e7\u00e3o entre os dias 10 e 13 de novembro no espa\u00e7o CCC, da Erva Daninha. A oficina \u00e9 gratuita mas com inscri\u00e7\u00e3o obrigat\u00f3ria que ser\u00e1 analisada e confirmada. Ser\u00e1 dada prefer\u00eancia a duplas.<\/p>\n\n\n\n<p><em>Advanced training in hand-to-hand acrobatics and banquine for circus professionals or students. 16 hours of training between 10 and 13 November at Erva Daninha&#8217;s CCC space. The workshop is free but registration is compulsory and will be analysed and confirmed. Preference will be given to pairs.<\/em><\/p>\n\n\n\n<p><strong>Dias |<em><mark style=\"background-color:rgba(0, 0, 0, 0)\" class=\"has-inline-color has-cyan-bluish-gray-color\">Date<\/mark><\/em><\/strong> 10, 11, 12, 13 nov\u00a0<\/p>\n\n\n\n<p><strong>Dura\u00e7\u00e3o Total |<em><mark style=\"background-color:rgba(0, 0, 0, 0)\" class=\"has-inline-color has-cyan-bluish-gray-color\">Overall Duration<\/mark><\/em>\u00a0\u00a0<\/strong>16H\u00a0<br><strong>Local |<\/strong><mark style=\"background-color:rgba(0, 0, 0, 0)\" class=\"has-inline-color has-cyan-bluish-gray-color\"><strong><em>Location<\/em><\/strong>\u00a0<\/mark>CCC, Rua Jo\u00e3o Martins Branco, 180 Porto<br><strong>Lota\u00e7\u00e3o | <mark style=\"background-color:rgba(0, 0, 0, 0)\" class=\"has-inline-color has-cyan-bluish-gray-color\"><em>Capacity<\/em> <\/mark><\/strong>\u00a0Inscri\u00e7\u00f5es Limitadas | <em><mark style=\"background-color:rgba(0, 0, 0, 0)\" class=\"has-inline-color has-cyan-bluish-gray-color\">Limited registrations<\/mark><\/em><br><strong>P\u00fablico-alvo |<em>T<mark style=\"background-color:rgba(0, 0, 0, 0)\" class=\"has-inline-color has-cyan-bluish-gray-color\">arget Audience<\/mark><\/em><\/strong>\u00a0Estudantes e profissionais com experi\u00eancia em acrobacia | <em><mark style=\"background-color:rgba(0, 0, 0, 0)\" class=\"has-inline-color has-cyan-bluish-gray-color\">For students or professionals with acrobatics\u00a0experience<\/mark><\/em><\/p>\n\n\n\n<p><strong>Outras informa\u00e7\u00f5es | <em><mark style=\"background-color:rgba(0, 0, 0, 0)\" class=\"has-inline-color has-cyan-bluish-gray-color\">Other information<\/mark><\/em><\/strong><br>ciaervadaninha@gmail.com<\/p>\n\n\n\n<p><strong>Notas | <em><mark style=\"background-color:rgba(0, 0, 0, 0)\" class=\"has-inline-color has-cyan-bluish-gray-color\">Notes<\/mark><\/em><\/strong><\/p>\n\n\n\n<p>O workshop \u00e9 gratuito com inscri\u00e7\u00e3o obrigat\u00f3ria; tem lota\u00e7\u00e3o limitada; a inscri\u00e7\u00e3o carece de confirma\u00e7\u00e3o.&nbsp;As inscri\u00e7\u00f5es terminam a 6 de novembro&nbsp;|&nbsp;<\/p>\n\n\n\n<p><em><mark style=\"background-color:rgba(0, 0, 0, 0)\" class=\"has-inline-color has-cyan-bluish-gray-color\">The workshop is free with compulsory registration; it has limited capacity, registration requires confirmation.\u00a0Registration ends November 6.<\/mark><\/em><\/p>\n","protected":false},"excerpt":{"rendered":"<p>inscri\u00e7\u00e3o link Artista | Performer\u00a0Pedro Consci\u00eancia Pedro Consci\u00eancia, formado pelo CNAC e criador da companhia Big Bin\u00f4me, \u00e9 especialista em acrobacia, base de portes din\u00e2micos e banquina. Trabalha desde 2018 [&hellip;]<\/p>\n","protected":false},"author":1,"featured_media":0,"parent":0,"menu_order":0,"comment_status":"closed","ping_status":"closed","template":"","meta":{"_themeisle_gutenberg_block_has_review":false,"jetpack_post_was_ever_published":false,"footnotes":""},"tags":[],"yoast_head":"<!-- This site is optimized with the Yoast SEO plugin v21.0 - https:\/\/yoast.com\/wordpress\/plugins\/seo\/ -->\n<title>Oficina de Portes Acrob\u00e1ticos - Erva Daninha<\/title>\n<meta name=\"robots\" content=\"index, follow, max-snippet:-1, max-image-preview:large, max-video-preview:-1\" \/>\n<link rel=\"canonical\" href=\"https:\/\/ervadaninha.pt\/wp1\/index.php\/oficina-de-portes-acrobaticos\/\" \/>\n<meta property=\"og:locale\" content=\"pt_PT\" \/>\n<meta property=\"og:type\" content=\"article\" \/>\n<meta property=\"og:title\" content=\"Oficina de Portes Acrob\u00e1ticos - Erva Daninha\" \/>\n<meta property=\"og:description\" content=\"inscri\u00e7\u00e3o link Artista | Performer\u00a0Pedro Consci\u00eancia Pedro Consci\u00eancia, formado pelo CNAC e criador da companhia Big Bin\u00f4me, \u00e9 especialista em acrobacia, base de portes din\u00e2micos e banquina. Trabalha desde 2018 [&hellip;]\" \/>\n<meta property=\"og:url\" content=\"https:\/\/ervadaninha.pt\/wp1\/index.php\/oficina-de-portes-acrobaticos\/\" \/>\n<meta property=\"og:site_name\" content=\"Erva Daninha\" \/>\n<meta property=\"article:modified_time\" content=\"2023-11-02T16:33:41+00:00\" \/>\n<meta property=\"og:image\" content=\"https:\/\/ervadaninha.pt\/wp1\/wp-content\/uploads\/2023\/11\/PedroConsciencia-940x627.jpg\" \/>\n<meta name=\"twitter:card\" content=\"summary_large_image\" \/>\n<meta name=\"twitter:label1\" content=\"Tempo estimado de leitura\" \/>\n\t<meta name=\"twitter:data1\" content=\"2 minutos\" \/>\n<script type=\"application\/ld+json\" class=\"yoast-schema-graph\">{\"@context\":\"https:\/\/schema.org\",\"@graph\":[{\"@type\":\"WebPage\",\"@id\":\"https:\/\/ervadaninha.pt\/wp1\/index.php\/oficina-de-portes-acrobaticos\/\",\"url\":\"https:\/\/ervadaninha.pt\/wp1\/index.php\/oficina-de-portes-acrobaticos\/\",\"name\":\"Oficina de Portes Acrob\u00e1ticos - Erva Daninha\",\"isPartOf\":{\"@id\":\"https:\/\/ervadaninha.pt\/wp1\/#website\"},\"datePublished\":\"2023-11-02T16:33:33+00:00\",\"dateModified\":\"2023-11-02T16:33:41+00:00\",\"breadcrumb\":{\"@id\":\"https:\/\/ervadaninha.pt\/wp1\/index.php\/oficina-de-portes-acrobaticos\/#breadcrumb\"},\"inLanguage\":\"pt-PT\",\"potentialAction\":[{\"@type\":\"ReadAction\",\"target\":[\"https:\/\/ervadaninha.pt\/wp1\/index.php\/oficina-de-portes-acrobaticos\/\"]}]},{\"@type\":\"BreadcrumbList\",\"@id\":\"https:\/\/ervadaninha.pt\/wp1\/index.php\/oficina-de-portes-acrobaticos\/#breadcrumb\",\"itemListElement\":[{\"@type\":\"ListItem\",\"position\":1,\"name\":\"Home\",\"item\":\"https:\/\/ervadaninha.pt\/wp1\/\"},{\"@type\":\"ListItem\",\"position\":2,\"name\":\"Oficina de Portes Acrob\u00e1ticos\"}]},{\"@type\":\"WebSite\",\"@id\":\"https:\/\/ervadaninha.pt\/wp1\/#website\",\"url\":\"https:\/\/ervadaninha.pt\/wp1\/\",\"name\":\"Erva Daninha\",\"description\":\"Erva Daninha\",\"publisher\":{\"@id\":\"https:\/\/ervadaninha.pt\/wp1\/#organization\"},\"potentialAction\":[{\"@type\":\"SearchAction\",\"target\":{\"@type\":\"EntryPoint\",\"urlTemplate\":\"https:\/\/ervadaninha.pt\/wp1\/?s={search_term_string}\"},\"query-input\":\"required name=search_term_string\"}],\"inLanguage\":\"pt-PT\"},{\"@type\":\"Organization\",\"@id\":\"https:\/\/ervadaninha.pt\/wp1\/#organization\",\"name\":\"Erva Daninha\",\"url\":\"https:\/\/ervadaninha.pt\/wp1\/\",\"logo\":{\"@type\":\"ImageObject\",\"inLanguage\":\"pt-PT\",\"@id\":\"https:\/\/ervadaninha.pt\/wp1\/#\/schema\/logo\/image\/\",\"url\":\"https:\/\/ervadaninha.pt\/wp1\/wp-content\/uploads\/2023\/09\/cropped-ervadaninha_preto_s.png\",\"contentUrl\":\"https:\/\/ervadaninha.pt\/wp1\/wp-content\/uploads\/2023\/09\/cropped-ervadaninha_preto_s.png\",\"width\":100,\"height\":49,\"caption\":\"Erva Daninha\"},\"image\":{\"@id\":\"https:\/\/ervadaninha.pt\/wp1\/#\/schema\/logo\/image\/\"}}]}<\/script>\n<!-- \/ Yoast SEO plugin. -->","yoast_head_json":{"title":"Oficina de Portes Acrob\u00e1ticos - Erva Daninha","robots":{"index":"index","follow":"follow","max-snippet":"max-snippet:-1","max-image-preview":"max-image-preview:large","max-video-preview":"max-video-preview:-1"},"canonical":"https:\/\/ervadaninha.pt\/wp1\/index.php\/oficina-de-portes-acrobaticos\/","og_locale":"pt_PT","og_type":"article","og_title":"Oficina de Portes Acrob\u00e1ticos - Erva Daninha","og_description":"inscri\u00e7\u00e3o link Artista | Performer\u00a0Pedro Consci\u00eancia Pedro Consci\u00eancia, formado pelo CNAC e criador da companhia Big Bin\u00f4me, \u00e9 especialista em acrobacia, base de portes din\u00e2micos e banquina. Trabalha desde 2018 [&hellip;]","og_url":"https:\/\/ervadaninha.pt\/wp1\/index.php\/oficina-de-portes-acrobaticos\/","og_site_name":"Erva Daninha","article_modified_time":"2023-11-02T16:33:41+00:00","og_image":[{"url":"https:\/\/ervadaninha.pt\/wp1\/wp-content\/uploads\/2023\/11\/PedroConsciencia-940x627.jpg"}],"twitter_card":"summary_large_image","twitter_misc":{"Tempo estimado de leitura":"2 minutos"},"schema":{"@context":"https:\/\/schema.org","@graph":[{"@type":"WebPage","@id":"https:\/\/ervadaninha.pt\/wp1\/index.php\/oficina-de-portes-acrobaticos\/","url":"https:\/\/ervadaninha.pt\/wp1\/index.php\/oficina-de-portes-acrobaticos\/","name":"Oficina de Portes Acrob\u00e1ticos - Erva Daninha","isPartOf":{"@id":"https:\/\/ervadaninha.pt\/wp1\/#website"},"datePublished":"2023-11-02T16:33:33+00:00","dateModified":"2023-11-02T16:33:41+00:00","breadcrumb":{"@id":"https:\/\/ervadaninha.pt\/wp1\/index.php\/oficina-de-portes-acrobaticos\/#breadcrumb"},"inLanguage":"pt-PT","potentialAction":[{"@type":"ReadAction","target":["https:\/\/ervadaninha.pt\/wp1\/index.php\/oficina-de-portes-acrobaticos\/"]}]},{"@type":"BreadcrumbList","@id":"https:\/\/ervadaninha.pt\/wp1\/index.php\/oficina-de-portes-acrobaticos\/#breadcrumb","itemListElement":[{"@type":"ListItem","position":1,"name":"Home","item":"https:\/\/ervadaninha.pt\/wp1\/"},{"@type":"ListItem","position":2,"name":"Oficina de Portes Acrob\u00e1ticos"}]},{"@type":"WebSite","@id":"https:\/\/ervadaninha.pt\/wp1\/#website","url":"https:\/\/ervadaninha.pt\/wp1\/","name":"Erva Daninha","description":"Erva Daninha","publisher":{"@id":"https:\/\/ervadaninha.pt\/wp1\/#organization"},"potentialAction":[{"@type":"SearchAction","target":{"@type":"EntryPoint","urlTemplate":"https:\/\/ervadaninha.pt\/wp1\/?s={search_term_string}"},"query-input":"required name=search_term_string"}],"inLanguage":"pt-PT"},{"@type":"Organization","@id":"https:\/\/ervadaninha.pt\/wp1\/#organization","name":"Erva Daninha","url":"https:\/\/ervadaninha.pt\/wp1\/","logo":{"@type":"ImageObject","inLanguage":"pt-PT","@id":"https:\/\/ervadaninha.pt\/wp1\/#\/schema\/logo\/image\/","url":"https:\/\/ervadaninha.pt\/wp1\/wp-content\/uploads\/2023\/09\/cropped-ervadaninha_preto_s.png","contentUrl":"https:\/\/ervadaninha.pt\/wp1\/wp-content\/uploads\/2023\/09\/cropped-ervadaninha_preto_s.png","width":100,"height":49,"caption":"Erva Daninha"},"image":{"@id":"https:\/\/ervadaninha.pt\/wp1\/#\/schema\/logo\/image\/"}}]}},"jetpack_sharing_enabled":true,"jetpack_shortlink":"https:\/\/wp.me\/P6f9xd-Jk","_links":{"self":[{"href":"https:\/\/ervadaninha.pt\/wp1\/index.php\/wp-json\/wp\/v2\/pages\/2810"}],"collection":[{"href":"https:\/\/ervadaninha.pt\/wp1\/index.php\/wp-json\/wp\/v2\/pages"}],"about":[{"href":"https:\/\/ervadaninha.pt\/wp1\/index.php\/wp-json\/wp\/v2\/types\/page"}],"author":[{"embeddable":true,"href":"https:\/\/ervadaninha.pt\/wp1\/index.php\/wp-json\/wp\/v2\/users\/1"}],"replies":[{"embeddable":true,"href":"https:\/\/ervadaninha.pt\/wp1\/index.php\/wp-json\/wp\/v2\/comments?post=2810"}],"version-history":[{"count":1,"href":"https:\/\/ervadaninha.pt\/wp1\/index.php\/wp-json\/wp\/v2\/pages\/2810\/revisions"}],"predecessor-version":[{"id":2812,"href":"https:\/\/ervadaninha.pt\/wp1\/index.php\/wp-json\/wp\/v2\/pages\/2810\/revisions\/2812"}],"wp:attachment":[{"href":"https:\/\/ervadaninha.pt\/wp1\/index.php\/wp-json\/wp\/v2\/media?parent=2810"}],"wp:term":[{"taxonomy":"post_tag","embeddable":true,"href":"https:\/\/ervadaninha.pt\/wp1\/index.php\/wp-json\/wp\/v2\/tags?post=2810"}],"curies":[{"name":"wp","href":"https:\/\/api.w.org\/{rel}","templated":true}]}}