{"id":2491,"date":"2023-08-01T18:33:25","date_gmt":"2023-08-01T18:33:25","guid":{"rendered":"https:\/\/ervadaninha.pt\/wp1\/?page_id=2491"},"modified":"2023-12-05T12:11:39","modified_gmt":"2023-12-05T12:11:39","slug":"mostra-estufa-2023","status":"publish","type":"page","link":"https:\/\/ervadaninha.pt\/wp1\/index.php\/mostra-estufa-2023\/","title":{"rendered":"Mostra Estufa 2023"},"content":{"rendered":"\n<ul>\n<li>24\/11 &#8211; <strong>21:30<\/strong> + 25\/11 &#8211; <strong>19:30<\/strong>    | TEATRO CAMPO ALEGRE  TMP | <a href=\"https:\/\/tmp.bol.pt\/Comprar\/Bilhetes\/126309-erva_daninha_mostra_estufa_2023-outros_espacos\/\" target=\"_blank\" rel=\"noreferrer noopener\">Bilheteira<\/a> (7\u20ac bilhete conjunto)<\/li>\n<\/ul>\n\n\n\n<ul>\n<li>oficina de portes acrob\u00e1ticos | 10 a 13 Novembro | CCC | <a href=\"https:\/\/ervadaninha.pt\/wp1\/index.php\/oficina-de-portes-acrobaticos\/\" target=\"_blank\" rel=\"noreferrer noopener\">+ info<\/a><\/li>\n<\/ul>\n\n\n\n<hr class=\"wp-block-separator has-alpha-channel-opacity\"\/>\n\n\n\n<figure class=\"wp-block-embed aligncenter is-type-video is-provider-vimeo wp-block-embed-vimeo wp-embed-aspect-16-9 wp-has-aspect-ratio\"><div class=\"wp-block-embed__wrapper\">\n<div class=\"jetpack-video-wrapper\"><iframe loading=\"lazy\" title=\"Mostra Estufa 2023 - resumo\" src=\"https:\/\/player.vimeo.com\/video\/891038389?dnt=1&amp;app_id=122963\" width=\"764\" height=\"430\" frameborder=\"0\" allow=\"autoplay; fullscreen; picture-in-picture; clipboard-write; encrypted-media; web-share\" referrerpolicy=\"strict-origin-when-cross-origin\"><\/iframe><\/div>\n<\/div><\/figure>\n\n\n\n<hr class=\"wp-block-separator has-alpha-channel-opacity\"\/>\n\n\n\n<p><strong>BLUE<\/strong> &#8211; Margarida Monten\u00ff<\/p>\n\n\n\n<p>BLUE \u00e9 um projeto de acrobacia a\u00e9rea que se alicer\u00e7a numa reflex\u00e3o sobre afeto e atrito, \u00edntimo e p\u00fablico, solo e coletivo. Ao longo desta performance intimista constr\u00f3i-se um conjunto de paisagens ef\u00e9meras, fr\u00e1geis, breves que servem como teste de durabilidade, tens\u00e3o e resist\u00eancia aos quatro corpos em cena.<\/p>\n\n\n<div class=\"wp-block-image\">\n<figure class=\"aligncenter size-large is-resized\"><a href=\"https:\/\/ervadaninha.pt\/wp1\/wp-content\/uploads\/2023\/08\/BLUE.jpeg\"><img decoding=\"async\" loading=\"lazy\" width=\"940\" height=\"627\" src=\"https:\/\/ervadaninha.pt\/wp1\/wp-content\/uploads\/2023\/08\/BLUE-940x627.jpeg\" alt=\"\" class=\"wp-image-2492\" style=\"width:546px;height:undefinedpx\" srcset=\"https:\/\/ervadaninha.pt\/wp1\/wp-content\/uploads\/2023\/08\/BLUE-940x627.jpeg 940w, https:\/\/ervadaninha.pt\/wp1\/wp-content\/uploads\/2023\/08\/BLUE-620x413.jpeg 620w, https:\/\/ervadaninha.pt\/wp1\/wp-content\/uploads\/2023\/08\/BLUE-768x512.jpeg 768w, https:\/\/ervadaninha.pt\/wp1\/wp-content\/uploads\/2023\/08\/BLUE-1536x1024.jpeg 1536w, https:\/\/ervadaninha.pt\/wp1\/wp-content\/uploads\/2023\/08\/BLUE-300x200.jpeg 300w, https:\/\/ervadaninha.pt\/wp1\/wp-content\/uploads\/2023\/08\/BLUE.jpeg 2048w\" sizes=\"(max-width: 940px) 100vw, 940px\" \/><\/a><\/figure><\/div>\n\n\n<p><strong>Margarida Monten\u00ff<\/strong>\u00a0trabalha na \u00e1rea do circo e das artes performativas. Trabalhou profissionalmente com Miguel Pereira, Cl\u00e1udia N\u00f3voa, Teatro Musgo, Circo Ca\u00f3tico, Grandpa\u2019s Lab, Liliana Garcia, Companhia Erva Daninha e Daniel Seabra, entre outros. Como criadora, destaca o projeto\u00a0<em>Simulacro<\/em>, em parceria com Carminda Soares, uma coprodu\u00e7\u00e3o do Teatro das Figuras, Teatro Municipal do Porto e Inst\u00e1vel \u2013 Centro Coreogr\u00e1fico.<\/p>\n\n\n\n<figure class=\"wp-block-embed aligncenter is-type-video is-provider-vimeo wp-block-embed-vimeo wp-embed-aspect-16-9 wp-has-aspect-ratio\"><div class=\"wp-block-embed__wrapper\">\n<div class=\"jetpack-video-wrapper\"><iframe loading=\"lazy\" title=\"BLUE de Margarida Monteny\" src=\"https:\/\/player.vimeo.com\/video\/891038626?dnt=1&amp;app_id=122963\" width=\"764\" height=\"430\" frameborder=\"0\" allow=\"autoplay; fullscreen; picture-in-picture; clipboard-write; encrypted-media; web-share\" referrerpolicy=\"strict-origin-when-cross-origin\"><\/iframe><\/div>\n<\/div><\/figure>\n\n\n<\/p>\n<p><strong>Conce\u00e7\u00e3o e interpreta\u00e7\u00e3o:<\/strong> Margarida Monten\u00ff<\/p>\n<p><strong>Composi\u00e7\u00e3o musical:<\/strong> Antonio Marotta<\/p>\n<p><strong>Interpreta\u00e7\u00e3o e rigging: <\/strong>Catarina Corujeira, Carminda Soares e Mercedes Quijada<\/p>\n<p><strong>Desenho de luz: <\/strong>Pedro Nabais<\/p>\n<p><strong>Coprodu\u00e7\u00e3o:<\/strong> Mostra Estufa &#8211; Companhia Erva Daninha\/Teatro Municipal do Porto<\/p>\n<p><strong>Apoio \u00e0s resid\u00eancias: <\/strong>Teatro Virg\u00ednia, Ant\u00edpoda, Clube de Circo Contempor\u00e2neo, Caldeir\u00e3o, All&#8217;inCirca, Festival Terminal, Tanque Centro de Cria\u00e7\u00e3o \/ Momento &#8211; Artistas Independentes, CRL &#8211; Central El\u00e9trica, Alma d\u2019Arame, Espa\u00e7o Malatitsch.<\/p>\n<p><strong>Apoio financeiro:<\/strong> Funda\u00e7\u00e3o GDA, Rep\u00fablica Portuguesa &#8211; Cultura\/ Dire\u00e7\u00e3o Geral das Artes<\/p>\n<p><strong>Outros apoios: <\/strong>Sicor S.A.<\/p>\n<p><strong>Gest\u00e3o administrativa:<\/strong> R\u00e9ptil<\/p>\n\n\n<div class=\"wp-block-group is-layout-constrained wp-block-group-is-layout-constrained\"><div class=\"wp-block-group__inner-container\">\n<hr class=\"wp-block-separator has-alpha-channel-opacity\"\/>\n<\/div><\/div>\n\n\n\n<p><strong>PINDORAMA<\/strong> &#8211; Victor Abreu<\/p>\n\n\n\n<p>Pindorama \u00e9 um solo de dan\u00e7a acrob\u00e1tica. \u00c9 tamb\u00e9m uma esp\u00e9cie de narrativa fant\u00e1stica, contada por um acrobata que parte em busca da sua identidade e origem. Uma viagem inspirada nas cores, nos sons, nas dan\u00e7as do Brasil. Elementos da natureza habitam o espa\u00e7o: troncos de bambu, tocos de \u00e1rvores, galhos, folhas. A personagem relaciona-se com este espa\u00e7o e transforma-o de acordo com a sua folia. O seu corpo mistura-se com o imagin\u00e1rio ex\u00f3tico de lendas antigas e seres mitol\u00f3gicos e faz um doce mergulho nas \u00e1guas da cultura brasileira.<\/p>\n\n\n<div class=\"wp-block-image\">\n<figure class=\"aligncenter size-large is-resized\"><a href=\"https:\/\/ervadaninha.pt\/wp1\/wp-content\/uploads\/2023\/09\/T23-17.jpg\"><img decoding=\"async\" loading=\"lazy\" width=\"940\" height=\"627\" src=\"https:\/\/ervadaninha.pt\/wp1\/wp-content\/uploads\/2023\/09\/T23-17-940x627.jpg\" alt=\"\" class=\"wp-image-2755\" style=\"width:538px;height:undefinedpx\" srcset=\"https:\/\/ervadaninha.pt\/wp1\/wp-content\/uploads\/2023\/09\/T23-17-940x627.jpg 940w, https:\/\/ervadaninha.pt\/wp1\/wp-content\/uploads\/2023\/09\/T23-17-620x414.jpg 620w, https:\/\/ervadaninha.pt\/wp1\/wp-content\/uploads\/2023\/09\/T23-17-768x512.jpg 768w, https:\/\/ervadaninha.pt\/wp1\/wp-content\/uploads\/2023\/09\/T23-17-300x200.jpg 300w, https:\/\/ervadaninha.pt\/wp1\/wp-content\/uploads\/2023\/09\/T23-17.jpg 1250w\" sizes=\"(max-width: 940px) 100vw, 940px\" \/><\/a><figcaption class=\"wp-element-caption\">\u00a9 Bartolomeo Rossi<\/figcaption><\/figure><\/div>\n\n\n<p><strong>Victor Abreu\u00a0<\/strong>\u00e9 um artista brasileiro que vive em Portugal desde 2018. Fez a sua forma\u00e7\u00e3o em Circo na Scuola Vertigo-It\u00e1lia, entre 2008 e 2010. Trabalhou como int\u00e9rprete em diversas companhias, como Cirque \u00c8loize, Umpor1 e Erva Daninha. Em S\u00e3o Paulo, de 2013 a 2018, atuou com seu pr\u00f3prio grupo, a Cia da Pegada, e criou os espet\u00e1culos\u00a0<em>Andarilho<\/em>\u00a0e\u00a0<em>Jornada do Her\u00f3i<\/em>. At\u00e9 2022, foi professor residente do INAC &#8211; Instituto Nacional de Artes do Circo, e colaborou com a ACE \u2013 Escola das Artes. Ensina, atualmente, dan\u00e7a acrob\u00e1tica na ESMAE \u2013 Escola Superior de M\u00fasica e Artes do Espet\u00e1culo, e uma s\u00e9rie de disciplinas na Scuola Vertigo.<\/p>\n\n\n\n<figure class=\"wp-block-embed aligncenter is-type-video is-provider-vimeo wp-block-embed-vimeo wp-embed-aspect-16-9 wp-has-aspect-ratio\"><div class=\"wp-block-embed__wrapper\">\n<div class=\"jetpack-video-wrapper\"><iframe loading=\"lazy\" title=\"PINDORAMA de Victor Abreu\" src=\"https:\/\/player.vimeo.com\/video\/891038815?dnt=1&amp;app_id=122963\" width=\"764\" height=\"430\" frameborder=\"0\" allow=\"autoplay; fullscreen; picture-in-picture; clipboard-write; encrypted-media; web-share\" referrerpolicy=\"strict-origin-when-cross-origin\"><\/iframe><\/div>\n<\/div><\/figure>\n\n\n\n<p><strong>Dire\u00e7\u00e3o e interpreta\u00e7\u00e3o<\/strong>&nbsp;Victor Abreu&nbsp;<br><strong>Apoio \u00e0 coreografia&nbsp;<\/strong>Nath\u00e1lia Furlan&nbsp;<br><strong>Olhar externo&nbsp;<\/strong>Philippe Ribeiro&nbsp;<br><strong>Cenografia<\/strong>&nbsp;Miguel Bou\u00e7a&nbsp;<br><strong>Figurinos e adere\u00e7os<\/strong>&nbsp;Nath\u00e1lia Furlan&nbsp;<br><strong>Apoio \u00e0s resid\u00eancias<\/strong>&nbsp;Circo all\u2019inCirca, CCC &#8211; Clube de Circo Contempor\u00e2neo<\/p>\n\n\n\n<hr class=\"wp-block-separator has-alpha-channel-opacity\"\/>\n\n\n\n<p><strong>RUT\/URA<\/strong> &#8211; David David<\/p>\n\n\n\n<p><em>RUT\/URA&nbsp;<\/em>\u00e9 um espet\u00e1culo que aborda as emo\u00e7\u00f5es humanas que nos conduzem a um processo de sabotagem e que resultam na autodestrui\u00e7\u00e3o. A partir de uma pesquisa criativa e f\u00edsica sobre a exaust\u00e3o e os limites da arquitetura do corpo humano, estas emo\u00e7\u00f5es ser\u00e3o incorporadas na rela\u00e7\u00e3o de um corpo com um trap\u00e9zio met\u00e1lico. <\/p>\n\n\n<div class=\"wp-block-image\">\n<figure class=\"aligncenter size-full is-resized\"><a href=\"https:\/\/ervadaninha.pt\/wp1\/wp-content\/uploads\/2023\/08\/RUTURA_Reptil-Producao-Cultural.jpeg\"><img decoding=\"async\" loading=\"lazy\" width=\"533\" height=\"800\" src=\"https:\/\/ervadaninha.pt\/wp1\/wp-content\/uploads\/2023\/08\/RUTURA_Reptil-Producao-Cultural.jpeg\" alt=\"\" class=\"wp-image-2498\" style=\"width:285px;height:428px\" srcset=\"https:\/\/ervadaninha.pt\/wp1\/wp-content\/uploads\/2023\/08\/RUTURA_Reptil-Producao-Cultural.jpeg 533w, https:\/\/ervadaninha.pt\/wp1\/wp-content\/uploads\/2023\/08\/RUTURA_Reptil-Producao-Cultural-200x300.jpeg 200w\" sizes=\"(max-width: 533px) 100vw, 533px\" \/><\/a><\/figure><\/div>\n\n\n<p><strong>David David\u00a0<\/strong>\u00e9 natural do Porto (1997) e \u00e9 acrobata a\u00e9reo profissional, nas especialidades de trap\u00e9zio e tecido. Formado em artes circenses pelo INAC Instituto Nacional de Artes do Circo, em 2022. Licenciado em f\u00edsica pela Universidade do Porto, onde se focou em f\u00edsica nuclear e das part\u00edculas elementares. Atualmente, \u00e9 professor de t\u00e9cnicas a\u00e9reas e flexibilidade no INAC. <\/p>\n\n\n\n<figure class=\"wp-block-embed aligncenter is-type-video is-provider-vimeo wp-block-embed-vimeo wp-embed-aspect-16-9 wp-has-aspect-ratio\"><div class=\"wp-block-embed__wrapper\">\n<div class=\"jetpack-video-wrapper\"><iframe loading=\"lazy\" title=\"RUT\/URA de David David\" src=\"https:\/\/player.vimeo.com\/video\/891038964?dnt=1&amp;app_id=122963\" width=\"764\" height=\"430\" frameborder=\"0\" allow=\"autoplay; fullscreen; picture-in-picture; clipboard-write; encrypted-media; web-share\" referrerpolicy=\"strict-origin-when-cross-origin\"><\/iframe><\/div>\n<\/div><\/figure>\n\n\n\n<p><strong>Cria\u00e7\u00e3o e interpreta\u00e7\u00e3o<\/strong>&nbsp;David David&nbsp;&nbsp;<br><strong>M\u00fasica ao Vivo<\/strong> Filipe Moreira<br><strong>Desenho de luz<\/strong>&nbsp;Pedro Nabais&nbsp;<br><strong>Rigging<\/strong> Lucas Bustos<br><strong>Produ\u00e7\u00e3o<\/strong> R\u00e9ptil Artes Performativas<br><strong>Apoio \u00e0s resid\u00eancias<\/strong>&nbsp;Circo all\u2019inCirca, CCC &#8211; Clube de Circo Contempor\u00e2neo, INAC Instituto Nacional de Artes do Circo&nbsp;<\/p>\n\n\n\n<hr class=\"wp-block-separator has-alpha-channel-opacity\"\/>\n\n\n\n<figure class=\"wp-block-embed aligncenter is-type-video is-provider-vimeo wp-block-embed-vimeo wp-embed-aspect-16-9 wp-has-aspect-ratio\"><div class=\"wp-block-embed__wrapper\">\n<div class=\"jetpack-video-wrapper\"><iframe loading=\"lazy\" title=\"Oficina de portes acrob\u00e1ticos - c\/ Pedro Consci\u00eancia\" src=\"https:\/\/player.vimeo.com\/video\/891043382?dnt=1&amp;app_id=122963\" width=\"764\" height=\"430\" frameborder=\"0\" allow=\"autoplay; fullscreen; picture-in-picture; clipboard-write; encrypted-media; web-share\" referrerpolicy=\"strict-origin-when-cross-origin\"><\/iframe><\/div>\n<\/div><\/figure>\n\n\n\n<hr class=\"wp-block-separator has-alpha-channel-opacity\"\/>\n\n\n\n<p><mark style=\"background-color:rgba(0, 0, 0, 0)\" class=\"has-inline-color has-cyan-bluish-gray-color\"><strong>a Mostra Estufa<\/strong><\/mark><\/p>\n\n\n\n<div class=\"wp-block-group is-layout-constrained wp-block-group-is-layout-constrained\"><div class=\"wp-block-group__inner-container\">\n<p><strong>Curadoria<\/strong> \u2013 Julieta Guimar\u00e3es e Vasco Gomes<\/p>\n\n\n\n<p><strong>Dire\u00e7\u00e3o T\u00e9cnica<\/strong> \u2013 Vasco Gomes&nbsp;<\/p>\n\n\n\n<p><strong>Produ\u00e7\u00e3o<\/strong> &#8211; Beatriz Lobo<\/p>\n\n\n\n<p><strong>Ilumina\u00e7\u00e3o<\/strong> \u2013 Pedro Nabais&nbsp;<\/p>\n\n\n\n<p><strong>Opera\u00e7\u00e3o luz\/ som<\/strong> &#8211; Jo\u00e3o Quintela<\/p>\n\n\n\n<p><strong>Comunica\u00e7\u00e3o<\/strong> \u2013 El\u00edsio Mota<\/p>\n\n\n\n<p><strong>V\u00eddeo e fotografia<\/strong> \u2013 Ashleigh Georgiou<\/p>\n\n\n\n<p><strong>Apoio t\u00e9cnico circo <\/strong>\u2013 Daniel Seabra<\/p>\n\n\n\n<p><strong>Coprodu\u00e7\u00e3o<\/strong> \u2013 Teatro Municipal do Porto<\/p>\n\n\n\n<p><strong>apoio<\/strong> REP\u00daBLICA PORTUGUESA \u2013 CULTURA\/DIRE\u00c7\u00c3O-GERAL DAS ARTES<\/p>\n<\/div><\/div>\n","protected":false},"excerpt":{"rendered":"<p>BLUE &#8211; Margarida Monten\u00ff BLUE \u00e9 um projeto de acrobacia a\u00e9rea que se alicer\u00e7a numa reflex\u00e3o sobre afeto e atrito, \u00edntimo e p\u00fablico, solo e coletivo. Ao longo desta performance [&hellip;]<\/p>\n","protected":false},"author":1,"featured_media":0,"parent":0,"menu_order":0,"comment_status":"closed","ping_status":"closed","template":"","meta":{"_themeisle_gutenberg_block_has_review":false,"jetpack_post_was_ever_published":false,"footnotes":""},"tags":[],"yoast_head":"<!-- This site is optimized with the Yoast SEO plugin v21.0 - https:\/\/yoast.com\/wordpress\/plugins\/seo\/ -->\n<title>Mostra Estufa 2023 - Erva Daninha<\/title>\n<meta name=\"robots\" content=\"index, follow, max-snippet:-1, max-image-preview:large, max-video-preview:-1\" \/>\n<link rel=\"canonical\" href=\"https:\/\/ervadaninha.pt\/wp1\/index.php\/mostra-estufa-2023\/\" \/>\n<meta property=\"og:locale\" content=\"pt_PT\" \/>\n<meta property=\"og:type\" content=\"article\" \/>\n<meta property=\"og:title\" content=\"Mostra Estufa 2023 - Erva Daninha\" \/>\n<meta property=\"og:description\" content=\"BLUE &#8211; Margarida Monten\u00ff BLUE \u00e9 um projeto de acrobacia a\u00e9rea que se alicer\u00e7a numa reflex\u00e3o sobre afeto e atrito, \u00edntimo e p\u00fablico, solo e coletivo. Ao longo desta performance [&hellip;]\" \/>\n<meta property=\"og:url\" content=\"https:\/\/ervadaninha.pt\/wp1\/index.php\/mostra-estufa-2023\/\" \/>\n<meta property=\"og:site_name\" content=\"Erva Daninha\" \/>\n<meta property=\"article:modified_time\" content=\"2023-12-05T12:11:39+00:00\" \/>\n<meta property=\"og:image\" content=\"https:\/\/ervadaninha.pt\/wp1\/wp-content\/uploads\/2023\/08\/BLUE-940x627.jpeg\" \/>\n<meta name=\"twitter:card\" content=\"summary_large_image\" \/>\n<meta name=\"twitter:label1\" content=\"Tempo estimado de leitura\" \/>\n\t<meta name=\"twitter:data1\" content=\"5 minutos\" \/>\n<script type=\"application\/ld+json\" class=\"yoast-schema-graph\">{\"@context\":\"https:\/\/schema.org\",\"@graph\":[{\"@type\":\"WebPage\",\"@id\":\"https:\/\/ervadaninha.pt\/wp1\/index.php\/mostra-estufa-2023\/\",\"url\":\"https:\/\/ervadaninha.pt\/wp1\/index.php\/mostra-estufa-2023\/\",\"name\":\"Mostra Estufa 2023 - Erva Daninha\",\"isPartOf\":{\"@id\":\"https:\/\/ervadaninha.pt\/wp1\/#website\"},\"datePublished\":\"2023-08-01T18:33:25+00:00\",\"dateModified\":\"2023-12-05T12:11:39+00:00\",\"breadcrumb\":{\"@id\":\"https:\/\/ervadaninha.pt\/wp1\/index.php\/mostra-estufa-2023\/#breadcrumb\"},\"inLanguage\":\"pt-PT\",\"potentialAction\":[{\"@type\":\"ReadAction\",\"target\":[\"https:\/\/ervadaninha.pt\/wp1\/index.php\/mostra-estufa-2023\/\"]}]},{\"@type\":\"BreadcrumbList\",\"@id\":\"https:\/\/ervadaninha.pt\/wp1\/index.php\/mostra-estufa-2023\/#breadcrumb\",\"itemListElement\":[{\"@type\":\"ListItem\",\"position\":1,\"name\":\"Home\",\"item\":\"https:\/\/ervadaninha.pt\/wp1\/\"},{\"@type\":\"ListItem\",\"position\":2,\"name\":\"Mostra Estufa 2023\"}]},{\"@type\":\"WebSite\",\"@id\":\"https:\/\/ervadaninha.pt\/wp1\/#website\",\"url\":\"https:\/\/ervadaninha.pt\/wp1\/\",\"name\":\"Erva Daninha\",\"description\":\"Erva Daninha\",\"publisher\":{\"@id\":\"https:\/\/ervadaninha.pt\/wp1\/#organization\"},\"potentialAction\":[{\"@type\":\"SearchAction\",\"target\":{\"@type\":\"EntryPoint\",\"urlTemplate\":\"https:\/\/ervadaninha.pt\/wp1\/?s={search_term_string}\"},\"query-input\":\"required name=search_term_string\"}],\"inLanguage\":\"pt-PT\"},{\"@type\":\"Organization\",\"@id\":\"https:\/\/ervadaninha.pt\/wp1\/#organization\",\"name\":\"Erva Daninha\",\"url\":\"https:\/\/ervadaninha.pt\/wp1\/\",\"logo\":{\"@type\":\"ImageObject\",\"inLanguage\":\"pt-PT\",\"@id\":\"https:\/\/ervadaninha.pt\/wp1\/#\/schema\/logo\/image\/\",\"url\":\"https:\/\/ervadaninha.pt\/wp1\/wp-content\/uploads\/2023\/09\/cropped-ervadaninha_preto_s.png\",\"contentUrl\":\"https:\/\/ervadaninha.pt\/wp1\/wp-content\/uploads\/2023\/09\/cropped-ervadaninha_preto_s.png\",\"width\":100,\"height\":49,\"caption\":\"Erva Daninha\"},\"image\":{\"@id\":\"https:\/\/ervadaninha.pt\/wp1\/#\/schema\/logo\/image\/\"}}]}<\/script>\n<!-- \/ Yoast SEO plugin. -->","yoast_head_json":{"title":"Mostra Estufa 2023 - Erva Daninha","robots":{"index":"index","follow":"follow","max-snippet":"max-snippet:-1","max-image-preview":"max-image-preview:large","max-video-preview":"max-video-preview:-1"},"canonical":"https:\/\/ervadaninha.pt\/wp1\/index.php\/mostra-estufa-2023\/","og_locale":"pt_PT","og_type":"article","og_title":"Mostra Estufa 2023 - Erva Daninha","og_description":"BLUE &#8211; Margarida Monten\u00ff BLUE \u00e9 um projeto de acrobacia a\u00e9rea que se alicer\u00e7a numa reflex\u00e3o sobre afeto e atrito, \u00edntimo e p\u00fablico, solo e coletivo. Ao longo desta performance [&hellip;]","og_url":"https:\/\/ervadaninha.pt\/wp1\/index.php\/mostra-estufa-2023\/","og_site_name":"Erva Daninha","article_modified_time":"2023-12-05T12:11:39+00:00","og_image":[{"url":"https:\/\/ervadaninha.pt\/wp1\/wp-content\/uploads\/2023\/08\/BLUE-940x627.jpeg"}],"twitter_card":"summary_large_image","twitter_misc":{"Tempo estimado de leitura":"5 minutos"},"schema":{"@context":"https:\/\/schema.org","@graph":[{"@type":"WebPage","@id":"https:\/\/ervadaninha.pt\/wp1\/index.php\/mostra-estufa-2023\/","url":"https:\/\/ervadaninha.pt\/wp1\/index.php\/mostra-estufa-2023\/","name":"Mostra Estufa 2023 - Erva Daninha","isPartOf":{"@id":"https:\/\/ervadaninha.pt\/wp1\/#website"},"datePublished":"2023-08-01T18:33:25+00:00","dateModified":"2023-12-05T12:11:39+00:00","breadcrumb":{"@id":"https:\/\/ervadaninha.pt\/wp1\/index.php\/mostra-estufa-2023\/#breadcrumb"},"inLanguage":"pt-PT","potentialAction":[{"@type":"ReadAction","target":["https:\/\/ervadaninha.pt\/wp1\/index.php\/mostra-estufa-2023\/"]}]},{"@type":"BreadcrumbList","@id":"https:\/\/ervadaninha.pt\/wp1\/index.php\/mostra-estufa-2023\/#breadcrumb","itemListElement":[{"@type":"ListItem","position":1,"name":"Home","item":"https:\/\/ervadaninha.pt\/wp1\/"},{"@type":"ListItem","position":2,"name":"Mostra Estufa 2023"}]},{"@type":"WebSite","@id":"https:\/\/ervadaninha.pt\/wp1\/#website","url":"https:\/\/ervadaninha.pt\/wp1\/","name":"Erva Daninha","description":"Erva Daninha","publisher":{"@id":"https:\/\/ervadaninha.pt\/wp1\/#organization"},"potentialAction":[{"@type":"SearchAction","target":{"@type":"EntryPoint","urlTemplate":"https:\/\/ervadaninha.pt\/wp1\/?s={search_term_string}"},"query-input":"required name=search_term_string"}],"inLanguage":"pt-PT"},{"@type":"Organization","@id":"https:\/\/ervadaninha.pt\/wp1\/#organization","name":"Erva Daninha","url":"https:\/\/ervadaninha.pt\/wp1\/","logo":{"@type":"ImageObject","inLanguage":"pt-PT","@id":"https:\/\/ervadaninha.pt\/wp1\/#\/schema\/logo\/image\/","url":"https:\/\/ervadaninha.pt\/wp1\/wp-content\/uploads\/2023\/09\/cropped-ervadaninha_preto_s.png","contentUrl":"https:\/\/ervadaninha.pt\/wp1\/wp-content\/uploads\/2023\/09\/cropped-ervadaninha_preto_s.png","width":100,"height":49,"caption":"Erva Daninha"},"image":{"@id":"https:\/\/ervadaninha.pt\/wp1\/#\/schema\/logo\/image\/"}}]}},"jetpack_sharing_enabled":true,"jetpack_shortlink":"https:\/\/wp.me\/P6f9xd-Eb","_links":{"self":[{"href":"https:\/\/ervadaninha.pt\/wp1\/index.php\/wp-json\/wp\/v2\/pages\/2491"}],"collection":[{"href":"https:\/\/ervadaninha.pt\/wp1\/index.php\/wp-json\/wp\/v2\/pages"}],"about":[{"href":"https:\/\/ervadaninha.pt\/wp1\/index.php\/wp-json\/wp\/v2\/types\/page"}],"author":[{"embeddable":true,"href":"https:\/\/ervadaninha.pt\/wp1\/index.php\/wp-json\/wp\/v2\/users\/1"}],"replies":[{"embeddable":true,"href":"https:\/\/ervadaninha.pt\/wp1\/index.php\/wp-json\/wp\/v2\/comments?post=2491"}],"version-history":[{"count":48,"href":"https:\/\/ervadaninha.pt\/wp1\/index.php\/wp-json\/wp\/v2\/pages\/2491\/revisions"}],"predecessor-version":[{"id":3266,"href":"https:\/\/ervadaninha.pt\/wp1\/index.php\/wp-json\/wp\/v2\/pages\/2491\/revisions\/3266"}],"wp:attachment":[{"href":"https:\/\/ervadaninha.pt\/wp1\/index.php\/wp-json\/wp\/v2\/media?parent=2491"}],"wp:term":[{"taxonomy":"post_tag","embeddable":true,"href":"https:\/\/ervadaninha.pt\/wp1\/index.php\/wp-json\/wp\/v2\/tags?post=2491"}],"curies":[{"name":"wp","href":"https:\/\/api.w.org\/{rel}","templated":true}]}}