{"id":1559,"date":"2020-09-24T08:42:15","date_gmt":"2020-09-24T08:42:15","guid":{"rendered":"http:\/\/ervadaninha.pt\/wp1\/?page_id=1559"},"modified":"2022-10-13T12:40:41","modified_gmt":"2022-10-13T12:40:41","slug":"mostra-estufa-2020","status":"publish","type":"page","link":"https:\/\/ervadaninha.pt\/wp1\/index.php\/mostra-estufa-2020\/","title":{"rendered":"Mostra Estufa 2020"},"content":{"rendered":"\n<p>19 e 20 (19h30) Novembro 2020 &#8211; Teatro Campo Alegre<\/p>\n\n\n\n<h2 class=\"wp-block-heading\"><\/h2>\n\n\n\n<figure class=\"wp-block-embed is-type-video is-provider-vimeo wp-block-embed-vimeo wp-embed-aspect-16-9 wp-has-aspect-ratio\"><div class=\"wp-block-embed__wrapper\">\n<div class=\"jetpack-video-wrapper\"><div class=\"embed-vimeo\" style=\"text-align: center;\"><iframe loading=\"lazy\" src=\"https:\/\/player.vimeo.com\/video\/485962904\" width=\"764\" height=\"430\" frameborder=\"0\" webkitallowfullscreen mozallowfullscreen allowfullscreen><\/iframe><\/div><\/div>\n<\/div><\/figure>\n\n\n\n<hr class=\"wp-block-separator has-css-opacity\"\/>\n\n\n\n<p><strong><em>Entre-Lugar<\/em><\/strong> &#8211; Joana Martins<\/p>\n\n\n\n<p>H\u00e1 um balan\u00e7ar de um trap\u00e9zio que se assemelha a um metr\u00f3nomo. No sil\u00eancio, uma mulher vestida de branco, carrega um emaranhado de corda. Habita entre o c\u00e9u e a terra, liga os dois p\u00f3los. \u00c9 a linha do horizonte, o elemento Entre. A a que dom\u00ednio pertence este corpo e que peso traz com ele?<\/p>\n\n\n<div class=\"wp-block-image\">\n<figure class=\"aligncenter size-medium\"><img decoding=\"async\" loading=\"lazy\" width=\"620\" height=\"413\" src=\"https:\/\/ervadaninha.pt\/wp1\/wp-content\/uploads\/2020\/09\/\u00a9-pedro-figueiredo-12_Entre_Lugar_JMartins-620x413.jpg\" alt=\"\" class=\"wp-image-1560\" srcset=\"https:\/\/ervadaninha.pt\/wp1\/wp-content\/uploads\/2020\/09\/\u00a9-pedro-figueiredo-12_Entre_Lugar_JMartins-620x413.jpg 620w, https:\/\/ervadaninha.pt\/wp1\/wp-content\/uploads\/2020\/09\/\u00a9-pedro-figueiredo-12_Entre_Lugar_JMartins-940x627.jpg 940w, https:\/\/ervadaninha.pt\/wp1\/wp-content\/uploads\/2020\/09\/\u00a9-pedro-figueiredo-12_Entre_Lugar_JMartins-768x512.jpg 768w, https:\/\/ervadaninha.pt\/wp1\/wp-content\/uploads\/2020\/09\/\u00a9-pedro-figueiredo-12_Entre_Lugar_JMartins-1536x1024.jpg 1536w, https:\/\/ervadaninha.pt\/wp1\/wp-content\/uploads\/2020\/09\/\u00a9-pedro-figueiredo-12_Entre_Lugar_JMartins-300x200.jpg 300w, https:\/\/ervadaninha.pt\/wp1\/wp-content\/uploads\/2020\/09\/\u00a9-pedro-figueiredo-12_Entre_Lugar_JMartins.jpg 2048w\" sizes=\"(max-width: 620px) 100vw, 620px\" \/><figcaption>\u00a9 Pedro Figueiredo<\/figcaption><\/figure><\/div>\n\n\n<p> Concep\u00e7\u00e3o, Interpreta\u00e7\u00e3o, Espa\u00e7o C\u00e9nico JOANA MARTINS<br> M\u00fasica original tocada ao vivo ANDR\u00c9 MARQUES<br> Fotografia JPEDRO MARTINS<br> Olhar externo MARIA da GUIA CARMO, RITA CARMO MARTINS<br> Apoio Est\u00fadio 80 Pilates<\/p>\n\n\n\n<hr class=\"wp-block-separator has-css-opacity\"\/>\n\n\n\n<p><strong><em>Errance<\/em><\/strong>\/ <strong>Frequ\u00eancia 1 <\/strong>&#8211; Leonardo Ferreira<\/p>\n\n\n\n<p>\u00c9 a hist\u00f3ria de um ser que se aproxima com o que se define por uma figura masculina, vindo de uma frequ\u00eancia at\u00edpica e de um passado vivido \u00e0 hora actual. O tempo desenrola\u2010se sobre si mesmo e a sua percep\u00e7\u00e3o n\u00e3o ret\u00e9m a ordem cronol\u00f3gica do termo. Errance, significa vaguear, trata-\u00ad\u2010se de uma traject\u00f3ria parcialmente infinita, onde a renova\u00e7\u00e3o e a descoberta de um terceiro mundo, gravita numa atmosfera densa e hipn\u00f3tica. O mastro como ve\u00edculo de teletransporta\u00e7\u00e3o permite aceder ao espa\u00e7o. O acaso encontra-\u00ad\u2010se com o burlesco, uma presen\u00e7a subtil. Absurdas e tr\u00e1gicas consequ\u00eancias v\u00eam degenerar a dan\u00e7a e o gesto acrob\u00e1tico, resultante de conflitos instaurados pelo di\u00e1logo entre o corpo e a mat\u00e9ria. Errance, a lat\u00eancia de uma frequ\u00eancia num vagueio, uma atmosfera flutuante num cosmos dram\u00e1tico.<\/p>\n\n\n<div class=\"wp-block-image\">\n<figure class=\"aligncenter size-medium\"><img decoding=\"async\" loading=\"lazy\" width=\"620\" height=\"496\" src=\"https:\/\/ervadaninha.pt\/wp1\/wp-content\/uploads\/2020\/09\/C46A1061-620x496.jpg\" alt=\"\" class=\"wp-image-1564\" srcset=\"https:\/\/ervadaninha.pt\/wp1\/wp-content\/uploads\/2020\/09\/C46A1061-620x496.jpg 620w, https:\/\/ervadaninha.pt\/wp1\/wp-content\/uploads\/2020\/09\/C46A1061-940x752.jpg 940w, https:\/\/ervadaninha.pt\/wp1\/wp-content\/uploads\/2020\/09\/C46A1061-768x614.jpg 768w, https:\/\/ervadaninha.pt\/wp1\/wp-content\/uploads\/2020\/09\/C46A1061-1536x1228.jpg 1536w, https:\/\/ervadaninha.pt\/wp1\/wp-content\/uploads\/2020\/09\/C46A1061-2048x1638.jpg 2048w, https:\/\/ervadaninha.pt\/wp1\/wp-content\/uploads\/2020\/09\/C46A1061-300x240.jpg 300w\" sizes=\"(max-width: 620px) 100vw, 620px\" \/><\/figure><\/div>\n\n\n<p>Conce\u00e7\u00e3o, interpreta\u00e7\u00e3o, espa\u00e7o c\u00e9nico&nbsp;LEONARDO FERREIRA<\/p>\n\n\n\n<p> Assist\u00eancia dire\u00e7\u00e3o Marie Seclet<\/p>\n\n\n\n<p><\/p>\n\n\n\n<hr class=\"wp-block-separator has-css-opacity\"\/>\n\n\n\n<p><strong><em>Fome de Lama<\/em><\/strong> &#8211; Douglas Melo <\/p>\n\n\n\n<p>Fortemente inspirada pelo trabalho de Josu\u00e9 de Castro, \u200bFome de Lama\u200b prop\u00f5e-se explorar o equil\u00edbrio interno e externo do Homem movido pela sua fome. Uma luta constante pela exist\u00eancia, como um animal faminto onde os instintos s\u00e3o os senhores da psique.Escrava, a m\u00e3o do Homem procura vida afundando-se na lama. Nela \u00e9 absorvido, preso no seu pr\u00f3prio ciclo de mis\u00e9ria e desespero, emaranhado de ra\u00edzes da natureza e da sociedade que forma o mangue. Cercado e suspenso nas cordas, o Homem faminto morre.<\/p>\n\n\n<div class=\"wp-block-image\">\n<figure class=\"aligncenter size-large\"><img decoding=\"async\" loading=\"lazy\" width=\"607\" height=\"586\" src=\"https:\/\/ervadaninha.pt\/wp1\/wp-content\/uploads\/2020\/09\/Fome_Lama_Douglas.png\" alt=\"\" class=\"wp-image-1568\" srcset=\"https:\/\/ervadaninha.pt\/wp1\/wp-content\/uploads\/2020\/09\/Fome_Lama_Douglas.png 607w, https:\/\/ervadaninha.pt\/wp1\/wp-content\/uploads\/2020\/09\/Fome_Lama_Douglas-300x290.png 300w\" sizes=\"(max-width: 607px) 100vw, 607px\" \/><\/figure><\/div>\n\n\n<p>Cria\u00e7\u00e3o e interpreta\u00e7\u00e3o&nbsp;DOUGLAS MELO<br>Cenografia&nbsp;TANIA CUNHA, DOUGLAS MELO<br>Sonoplastia&nbsp;HUGO SILVA tamb\u00e9m conhecido como The Bboy Wanna Be DJ<br>V\u00eddeo\/fotografia&nbsp;TANIA CUNHA<\/p>\n\n\n\n<hr class=\"wp-block-separator has-css-opacity\"\/>\n\n\n\n<p><strong>ESTUFA<\/strong><\/p>\n\n\n\n<p>Programa\u00e7\u00e3o \u2013 JULIETA GUIMAR\u00c3ES e VASCO GOMES<\/p>\n\n\n\n<p>V\u00eddeo e fotografia \u2013 ASHLEIGH GEORGIOU<\/p>\n\n\n\n<p>Ilumina\u00e7\u00e3o \u2013 PEDRO NABAIS<\/p>\n\n\n\n<p>Produ\u00e7\u00e3o \u2013 TERESA CAMARINHA<\/p>\n\n\n\n<hr class=\"wp-block-separator has-css-opacity\"\/>\n\n\n\n<p>Dura\u00e7\u00e3o Aproximada \u2013 60min com 2 intervalos<\/p>\n\n\n\n<p>Classifica\u00e7\u00e3o et\u00e1ria \u2013 M12<\/p>\n\n\n\n<p>Bilhete Conjunto &#8211; Bilheteira Teatro Municipal do Porto &#8211;<a href=\"https:\/\/www.teatromunicipaldoporto.pt\/pt\/calendario\/leonardo-ferreira-errance-frequencia-1\/?ano=2020&amp;mes=11&amp;dia=20\" target=\"_blank\" rel=\"noreferrer noopener\" aria-label=\" info (opens in a new tab)\"> info<\/a><\/p>\n\n\n\n<p><\/p>\n","protected":false},"excerpt":{"rendered":"<p>19 e 20 (19h30) Novembro 2020 &#8211; Teatro Campo Alegre Entre-Lugar &#8211; Joana Martins H\u00e1 um balan\u00e7ar de um trap\u00e9zio que se assemelha a um metr\u00f3nomo. No sil\u00eancio, uma mulher [&hellip;]<\/p>\n","protected":false},"author":1,"featured_media":0,"parent":0,"menu_order":0,"comment_status":"closed","ping_status":"closed","template":"","meta":{"_themeisle_gutenberg_block_has_review":false,"jetpack_post_was_ever_published":false,"footnotes":""},"tags":[],"yoast_head":"<!-- This site is optimized with the Yoast SEO plugin v21.0 - https:\/\/yoast.com\/wordpress\/plugins\/seo\/ -->\n<title>Mostra Estufa 2020 - Erva Daninha<\/title>\n<meta name=\"robots\" content=\"index, follow, max-snippet:-1, max-image-preview:large, max-video-preview:-1\" \/>\n<link rel=\"canonical\" href=\"https:\/\/ervadaninha.pt\/wp1\/index.php\/mostra-estufa-2020\/\" \/>\n<meta property=\"og:locale\" content=\"pt_PT\" \/>\n<meta property=\"og:type\" content=\"article\" \/>\n<meta property=\"og:title\" content=\"Mostra Estufa 2020 - Erva Daninha\" \/>\n<meta property=\"og:description\" content=\"19 e 20 (19h30) Novembro 2020 &#8211; Teatro Campo Alegre Entre-Lugar &#8211; Joana Martins H\u00e1 um balan\u00e7ar de um trap\u00e9zio que se assemelha a um metr\u00f3nomo. No sil\u00eancio, uma mulher [&hellip;]\" \/>\n<meta property=\"og:url\" content=\"https:\/\/ervadaninha.pt\/wp1\/index.php\/mostra-estufa-2020\/\" \/>\n<meta property=\"og:site_name\" content=\"Erva Daninha\" \/>\n<meta property=\"article:modified_time\" content=\"2022-10-13T12:40:41+00:00\" \/>\n<meta property=\"og:image\" content=\"http:\/\/ervadaninha.pt\/wp1\/wp-content\/uploads\/2020\/09\/C46A1061-620x496.jpg\" \/>\n<meta name=\"twitter:card\" content=\"summary_large_image\" \/>\n<meta name=\"twitter:label1\" content=\"Tempo estimado de leitura\" \/>\n\t<meta name=\"twitter:data1\" content=\"3 minutos\" \/>\n<script type=\"application\/ld+json\" class=\"yoast-schema-graph\">{\"@context\":\"https:\/\/schema.org\",\"@graph\":[{\"@type\":\"WebPage\",\"@id\":\"https:\/\/ervadaninha.pt\/wp1\/index.php\/mostra-estufa-2020\/\",\"url\":\"https:\/\/ervadaninha.pt\/wp1\/index.php\/mostra-estufa-2020\/\",\"name\":\"Mostra Estufa 2020 - Erva Daninha\",\"isPartOf\":{\"@id\":\"https:\/\/ervadaninha.pt\/wp1\/#website\"},\"datePublished\":\"2020-09-24T08:42:15+00:00\",\"dateModified\":\"2022-10-13T12:40:41+00:00\",\"breadcrumb\":{\"@id\":\"https:\/\/ervadaninha.pt\/wp1\/index.php\/mostra-estufa-2020\/#breadcrumb\"},\"inLanguage\":\"pt-PT\",\"potentialAction\":[{\"@type\":\"ReadAction\",\"target\":[\"https:\/\/ervadaninha.pt\/wp1\/index.php\/mostra-estufa-2020\/\"]}]},{\"@type\":\"BreadcrumbList\",\"@id\":\"https:\/\/ervadaninha.pt\/wp1\/index.php\/mostra-estufa-2020\/#breadcrumb\",\"itemListElement\":[{\"@type\":\"ListItem\",\"position\":1,\"name\":\"Home\",\"item\":\"https:\/\/ervadaninha.pt\/wp1\/\"},{\"@type\":\"ListItem\",\"position\":2,\"name\":\"Mostra Estufa 2020\"}]},{\"@type\":\"WebSite\",\"@id\":\"https:\/\/ervadaninha.pt\/wp1\/#website\",\"url\":\"https:\/\/ervadaninha.pt\/wp1\/\",\"name\":\"Erva Daninha\",\"description\":\"Erva Daninha\",\"publisher\":{\"@id\":\"https:\/\/ervadaninha.pt\/wp1\/#organization\"},\"potentialAction\":[{\"@type\":\"SearchAction\",\"target\":{\"@type\":\"EntryPoint\",\"urlTemplate\":\"https:\/\/ervadaninha.pt\/wp1\/?s={search_term_string}\"},\"query-input\":\"required name=search_term_string\"}],\"inLanguage\":\"pt-PT\"},{\"@type\":\"Organization\",\"@id\":\"https:\/\/ervadaninha.pt\/wp1\/#organization\",\"name\":\"Erva Daninha\",\"url\":\"https:\/\/ervadaninha.pt\/wp1\/\",\"logo\":{\"@type\":\"ImageObject\",\"inLanguage\":\"pt-PT\",\"@id\":\"https:\/\/ervadaninha.pt\/wp1\/#\/schema\/logo\/image\/\",\"url\":\"https:\/\/ervadaninha.pt\/wp1\/wp-content\/uploads\/2023\/09\/cropped-ervadaninha_preto_s.png\",\"contentUrl\":\"https:\/\/ervadaninha.pt\/wp1\/wp-content\/uploads\/2023\/09\/cropped-ervadaninha_preto_s.png\",\"width\":100,\"height\":49,\"caption\":\"Erva Daninha\"},\"image\":{\"@id\":\"https:\/\/ervadaninha.pt\/wp1\/#\/schema\/logo\/image\/\"}}]}<\/script>\n<!-- \/ Yoast SEO plugin. -->","yoast_head_json":{"title":"Mostra Estufa 2020 - Erva Daninha","robots":{"index":"index","follow":"follow","max-snippet":"max-snippet:-1","max-image-preview":"max-image-preview:large","max-video-preview":"max-video-preview:-1"},"canonical":"https:\/\/ervadaninha.pt\/wp1\/index.php\/mostra-estufa-2020\/","og_locale":"pt_PT","og_type":"article","og_title":"Mostra Estufa 2020 - Erva Daninha","og_description":"19 e 20 (19h30) Novembro 2020 &#8211; Teatro Campo Alegre Entre-Lugar &#8211; Joana Martins H\u00e1 um balan\u00e7ar de um trap\u00e9zio que se assemelha a um metr\u00f3nomo. No sil\u00eancio, uma mulher [&hellip;]","og_url":"https:\/\/ervadaninha.pt\/wp1\/index.php\/mostra-estufa-2020\/","og_site_name":"Erva Daninha","article_modified_time":"2022-10-13T12:40:41+00:00","og_image":[{"url":"http:\/\/ervadaninha.pt\/wp1\/wp-content\/uploads\/2020\/09\/C46A1061-620x496.jpg"}],"twitter_card":"summary_large_image","twitter_misc":{"Tempo estimado de leitura":"3 minutos"},"schema":{"@context":"https:\/\/schema.org","@graph":[{"@type":"WebPage","@id":"https:\/\/ervadaninha.pt\/wp1\/index.php\/mostra-estufa-2020\/","url":"https:\/\/ervadaninha.pt\/wp1\/index.php\/mostra-estufa-2020\/","name":"Mostra Estufa 2020 - Erva Daninha","isPartOf":{"@id":"https:\/\/ervadaninha.pt\/wp1\/#website"},"datePublished":"2020-09-24T08:42:15+00:00","dateModified":"2022-10-13T12:40:41+00:00","breadcrumb":{"@id":"https:\/\/ervadaninha.pt\/wp1\/index.php\/mostra-estufa-2020\/#breadcrumb"},"inLanguage":"pt-PT","potentialAction":[{"@type":"ReadAction","target":["https:\/\/ervadaninha.pt\/wp1\/index.php\/mostra-estufa-2020\/"]}]},{"@type":"BreadcrumbList","@id":"https:\/\/ervadaninha.pt\/wp1\/index.php\/mostra-estufa-2020\/#breadcrumb","itemListElement":[{"@type":"ListItem","position":1,"name":"Home","item":"https:\/\/ervadaninha.pt\/wp1\/"},{"@type":"ListItem","position":2,"name":"Mostra Estufa 2020"}]},{"@type":"WebSite","@id":"https:\/\/ervadaninha.pt\/wp1\/#website","url":"https:\/\/ervadaninha.pt\/wp1\/","name":"Erva Daninha","description":"Erva Daninha","publisher":{"@id":"https:\/\/ervadaninha.pt\/wp1\/#organization"},"potentialAction":[{"@type":"SearchAction","target":{"@type":"EntryPoint","urlTemplate":"https:\/\/ervadaninha.pt\/wp1\/?s={search_term_string}"},"query-input":"required name=search_term_string"}],"inLanguage":"pt-PT"},{"@type":"Organization","@id":"https:\/\/ervadaninha.pt\/wp1\/#organization","name":"Erva Daninha","url":"https:\/\/ervadaninha.pt\/wp1\/","logo":{"@type":"ImageObject","inLanguage":"pt-PT","@id":"https:\/\/ervadaninha.pt\/wp1\/#\/schema\/logo\/image\/","url":"https:\/\/ervadaninha.pt\/wp1\/wp-content\/uploads\/2023\/09\/cropped-ervadaninha_preto_s.png","contentUrl":"https:\/\/ervadaninha.pt\/wp1\/wp-content\/uploads\/2023\/09\/cropped-ervadaninha_preto_s.png","width":100,"height":49,"caption":"Erva Daninha"},"image":{"@id":"https:\/\/ervadaninha.pt\/wp1\/#\/schema\/logo\/image\/"}}]}},"jetpack_sharing_enabled":true,"jetpack_shortlink":"https:\/\/wp.me\/P6f9xd-p9","_links":{"self":[{"href":"https:\/\/ervadaninha.pt\/wp1\/index.php\/wp-json\/wp\/v2\/pages\/1559"}],"collection":[{"href":"https:\/\/ervadaninha.pt\/wp1\/index.php\/wp-json\/wp\/v2\/pages"}],"about":[{"href":"https:\/\/ervadaninha.pt\/wp1\/index.php\/wp-json\/wp\/v2\/types\/page"}],"author":[{"embeddable":true,"href":"https:\/\/ervadaninha.pt\/wp1\/index.php\/wp-json\/wp\/v2\/users\/1"}],"replies":[{"embeddable":true,"href":"https:\/\/ervadaninha.pt\/wp1\/index.php\/wp-json\/wp\/v2\/comments?post=1559"}],"version-history":[{"count":19,"href":"https:\/\/ervadaninha.pt\/wp1\/index.php\/wp-json\/wp\/v2\/pages\/1559\/revisions"}],"predecessor-version":[{"id":2069,"href":"https:\/\/ervadaninha.pt\/wp1\/index.php\/wp-json\/wp\/v2\/pages\/1559\/revisions\/2069"}],"wp:attachment":[{"href":"https:\/\/ervadaninha.pt\/wp1\/index.php\/wp-json\/wp\/v2\/media?parent=1559"}],"wp:term":[{"taxonomy":"post_tag","embeddable":true,"href":"https:\/\/ervadaninha.pt\/wp1\/index.php\/wp-json\/wp\/v2\/tags?post=1559"}],"curies":[{"name":"wp","href":"https:\/\/api.w.org\/{rel}","templated":true}]}}